{"id":1701,"date":"2026-04-01T07:39:05","date_gmt":"2026-04-01T07:39:05","guid":{"rendered":"https:\/\/www.ferei.com\/?page_id=1701"},"modified":"2026-04-04T07:51:09","modified_gmt":"2026-04-04T07:51:09","slug":"faq","status":"publish","type":"page","link":"https:\/\/www.ferei.com\/pt\/faq\/","title":{"rendered":"Perguntas frequentes"},"content":{"rendered":"<div data-elementor-type=\"wp-page\" data-elementor-id=\"1701\" class=\"elementor elementor-1701\" data-elementor-post-type=\"page\">\n\t\t\t\t<div class=\"elementor-element elementor-element-30f3e10 e-flex e-con-boxed e-con e-parent\" data-id=\"30f3e10\" data-element_type=\"container\" data-e-type=\"container\">\n\t\t\t\t\t<div class=\"e-con-inner\">\n\t\t\t\t<div class=\"elementor-element elementor-element-c050a1f elementor-widget elementor-widget-breadcrumbs\" data-id=\"c050a1f\" data-element_type=\"widget\" data-e-type=\"widget\" data-widget_type=\"breadcrumbs.default\">\n\t\t\t\t<div class=\"elementor-widget-container\">\n\t\t\t\t\t<nav aria-label=\"p\u00e3o ralado\" class=\"rank-math-breadcrumb\"><p><span class=\"last\">P\u00e1gina inicial<\/span><\/p><\/nav>\t\t\t\t<\/div>\n\t\t\t\t<\/div>\n\t\t\t\t\t<\/div>\n\t\t\t\t<\/div>\n\t\t<div class=\"elementor-element elementor-element-5ab538c e-con-full e-flex e-con e-parent\" data-id=\"5ab538c\" data-element_type=\"container\" data-e-type=\"container\">\n\t\t\t\t<div class=\"elementor-element elementor-element-d063153 elementor-widget elementor-widget-image\" data-id=\"d063153\" data-element_type=\"widget\" data-e-type=\"widget\" data-widget_type=\"image.default\">\n\t\t\t\t\t\t\t\t\t\t\t\t\t\t\t<img fetchpriority=\"high\" decoding=\"async\" width=\"2560\" height=\"1439\" src=\"https:\/\/www.ferei.com\/wp-content\/uploads\/2026\/03\/ferei-bike-wheels-scaled.webp\" class=\"attachment-large size-large wp-image-1594\" alt=\"\" srcset=\"https:\/\/www.ferei.com\/wp-content\/uploads\/2026\/03\/ferei-bike-wheels-scaled.webp 2560w, https:\/\/www.ferei.com\/wp-content\/uploads\/2026\/03\/ferei-bike-wheels-300x169.webp 300w, https:\/\/www.ferei.com\/wp-content\/uploads\/2026\/03\/ferei-bike-wheels-1024x576.webp 1024w, https:\/\/www.ferei.com\/wp-content\/uploads\/2026\/03\/ferei-bike-wheels-768x432.webp 768w, https:\/\/www.ferei.com\/wp-content\/uploads\/2026\/03\/ferei-bike-wheels-1536x864.webp 1536w, https:\/\/www.ferei.com\/wp-content\/uploads\/2026\/03\/ferei-bike-wheels-2048x1152.webp 2048w, https:\/\/www.ferei.com\/wp-content\/uploads\/2026\/03\/ferei-bike-wheels-18x10.webp 18w\" sizes=\"(max-width: 2560px) 100vw, 2560px\" \/>\t\t\t\t\t\t\t\t\t\t\t\t\t\t\t<\/div>\n\t\t\t\t<\/div>\n\t\t<div class=\"elementor-element elementor-element-98f8c95 e-flex e-con-boxed e-con e-parent\" data-id=\"98f8c95\" data-element_type=\"container\" data-e-type=\"container\">\n\t\t\t\t\t<div class=\"e-con-inner\">\n\t\t\t\t<div class=\"elementor-element elementor-element-4141ab3 elementor-widget elementor-widget-heading\" data-id=\"4141ab3\" data-element_type=\"widget\" data-e-type=\"widget\" data-widget_type=\"heading.default\">\n\t\t\t\t\t<h2 class=\"elementor-heading-title elementor-size-default\">Ciclismo<\/h2>\t\t\t\t<\/div>\n\t\t\t\t\t<\/div>\n\t\t\t\t<\/div>\n\t\t<div class=\"elementor-element elementor-element-11055c8 e-flex e-con-boxed e-con e-parent\" data-id=\"11055c8\" data-element_type=\"container\" data-e-type=\"container\">\n\t\t\t\t\t<div class=\"e-con-inner\">\n\t\t\t\t<div class=\"elementor-element elementor-element-aa1bbc6 uael-faq-box-layout-yes align-at-left elementor-widget elementor-widget-uael-faq\" data-id=\"aa1bbc6\" data-element_type=\"widget\" data-e-type=\"widget\" data-widget_type=\"uael-faq.default\">\n\t\t\t\t<div class=\"elementor-widget-container\">\n\t\t\t\t\t\n\t\t\t<div id='uael-faq-wrapper-178' class=\"uael-faq-wrapper\">\n\t\t\t\t<div class=\"uael-faq-container uael-faq-layout-accordion\" data-layout=\"accordion\" >\n\t\t\t\t\t\t\t\t\t\t\t\t<div id=\"uael-accordion-1961180\" class=\"uael-faq-accordion\" role=\"tablist\">\n\t\t\t\t\t\t\t\t<div class= \"uael-accordion-title\" aria-expanded=\"false\" role=\"tab\">\n\t\t\t\t\t\t\t\t\t<span class=\"uael-accordion-icon uael-accordion-icon-left\">\n\t\t\t\t\t\t\t\t\t\t<span class=\"uael-accordion-icon-closed\"><svg class=\"e-font-icon-svg e-fas-angle-right\" viewbox=\"0 0 256 512\" xmlns=\"http:\/\/www.w3.org\/2000\/svg\"><path d=\"M224.3 273l-136 136c-9.4 9.4-24.6 9.4-33.9 0l-22.6-22.6c-9.4-9.4-9.4-24.6 0-33.9l96.4-96.4-96.4-96.4c-9.4-9.4-9.4-24.6 0-33.9L54.3 103c9.4-9.4 24.6-9.4 33.9 0l136 136c9.5 9.4 9.5 24.6.1 34z\"><\/path><\/svg><\/span>\n\t\t\t\t\t\t\t\t\t\t<span class=\"uael-accordion-icon-opened\"><svg class=\"e-font-icon-svg e-fas-angle-up\" viewbox=\"0 0 320 512\" xmlns=\"http:\/\/www.w3.org\/2000\/svg\"><path d=\"M177 159.7l136 136c9.4 9.4 9.4 24.6 0 33.9l-22.6 22.6c-9.4 9.4-24.6 9.4-33.9 0L160 255.9l-96.4 96.4c-9.4 9.4-24.6 9.4-33.9 0L7 329.7c-9.4-9.4-9.4-24.6 0-33.9l136-136c9.4-9.5 24.6-9.5 34-.1z\"><\/path><\/svg><\/span>\n\t\t\t\t\t\t\t\t\t<\/span>\n\t\t\t\t\t\t\t\t\t<span class=\"uael-question-1961180 uael-question-span\" tabindex=\"0\" id=\"uael-faq-1-6a9cb5aa629d4\">Fabricam e vendem bicicletas?<\/span>\n\t\t\t\t\t\t\t\t<\/div>\n\t\t\t\t\t\t\t\t<div class=\"uael-accordion-content\" role=\"tabpanel\">\n\t\t\t\t\t\t\t\t\t<span>\n\t\t\t\t\t\t\t\t\t<span><p>FEREI: Mais do que um simples fabrico - compreendemos verdadeiramente a explora\u00e7\u00e3o ao ar livre. Com 20 anos de experi\u00eancia de produ\u00e7\u00e3o profundamente enraizada, aproveitamos as nossas capacidades integradas de I&amp;D, fabrico e vendas para criar equipamento de desporto ao ar livre de n\u00edvel profissional: os projectores para motociclos e os projectores para ve\u00edculos todo-o-terreno iluminam a sua viagem, enquanto os conjuntos de rodas de fibra de carbono de alto desempenho melhoram a sua experi\u00eancia de condu\u00e7\u00e3o - quer seja na estrada, nas montanhas, numa bicicleta de terra ou na pista XC, encontrar\u00e1 a FEREI. Ao mesmo tempo, tirando partido do nosso sistema de produ\u00e7\u00e3o maduro, fornecemos solu\u00e7\u00f5es OEM\/ODM fi\u00e1veis para ajudar os nossos clientes a criar em conjunto produtos excepcionais.<\/p><\/span>\t\t\t\t\t\t\t\t\t<\/span>\n\t\t\t\t\t\t\t\t<\/div>\n\t\t\t\t\t\t\t<\/div>\n\t\t\t\t\t\t\t\t\t\t\t\t\t\t<div id=\"uael-accordion-31532a8\" class=\"uael-faq-accordion\" role=\"tablist\">\n\t\t\t\t\t\t\t\t<div class= \"uael-accordion-title\" aria-expanded=\"false\" role=\"tab\">\n\t\t\t\t\t\t\t\t\t<span class=\"uael-accordion-icon uael-accordion-icon-left\">\n\t\t\t\t\t\t\t\t\t\t<span class=\"uael-accordion-icon-closed\"><svg class=\"e-font-icon-svg e-fas-angle-right\" viewbox=\"0 0 256 512\" xmlns=\"http:\/\/www.w3.org\/2000\/svg\"><path d=\"M224.3 273l-136 136c-9.4 9.4-24.6 9.4-33.9 0l-22.6-22.6c-9.4-9.4-9.4-24.6 0-33.9l96.4-96.4-96.4-96.4c-9.4-9.4-9.4-24.6 0-33.9L54.3 103c9.4-9.4 24.6-9.4 33.9 0l136 136c9.5 9.4 9.5 24.6.1 34z\"><\/path><\/svg><\/span>\n\t\t\t\t\t\t\t\t\t\t<span class=\"uael-accordion-icon-opened\"><svg class=\"e-font-icon-svg e-fas-angle-up\" viewbox=\"0 0 320 512\" xmlns=\"http:\/\/www.w3.org\/2000\/svg\"><path d=\"M177 159.7l136 136c9.4 9.4 9.4 24.6 0 33.9l-22.6 22.6c-9.4 9.4-24.6 9.4-33.9 0L160 255.9l-96.4 96.4c-9.4 9.4-24.6 9.4-33.9 0L7 329.7c-9.4-9.4-9.4-24.6 0-33.9l136-136c9.4-9.5 24.6-9.5 34-.1z\"><\/path><\/svg><\/span>\n\t\t\t\t\t\t\t\t\t<\/span>\n\t\t\t\t\t\t\t\t\t<span class=\"uael-question-31532a8 uael-question-span\" tabindex=\"0\" id=\"uael-faq-2-6a9cb5aa62b53\">Como \u00e9 que posso encontrar o produto FEREI para mim?<\/span>\n\t\t\t\t\t\t\t\t<\/div>\n\t\t\t\t\t\t\t\t<div class=\"uael-accordion-content\" role=\"tabpanel\">\n\t\t\t\t\t\t\t\t\t<span>\n\t\t\t\t\t\t\t\t\t<span><p>S\u00edtio Web oficial da marca FEREI (www.ferei.com)<br \/>Aqui, ser\u00e1 o primeiro a receber as \u00faltimas actualiza\u00e7\u00f5es da marca, tend\u00eancias de ponta da ind\u00fastria, cobertura de eventos emocionantes e not\u00edcias sobre o desenvolvimento e lan\u00e7amento de produtos - esta \u00e9 a sua porta de entrada para compreender todo o \u00e2mbito da FEREI.<\/p><p>Websites de produtos B2B<br \/>Para obter informa\u00e7\u00f5es aprofundadas sobre as especifica\u00e7\u00f5es dos produtos e os detalhes das s\u00e9ries, visite as nossas duas plataformas especializadas:<br \/>Componentes para bicicletas: www.fereicycling.com<br \/>Ilumina\u00e7\u00e3o para bicicletas: www.fereilighting.com<br \/>Estas plataformas oferecem especifica\u00e7\u00f5es abrangentes dos produtos e cen\u00e1rios de aplica\u00e7\u00e3o para ajudar os parceiros e os utilizadores profissionais a fazerem selec\u00e7\u00f5es precisas.<\/p><p>Loja de retalho online da marca (www.fereistore.com)<br \/>Se desejar comprar diretamente os produtos desejados, lan\u00e7\u00e1mos a nossa loja oficial de venda a retalho em linha, que oferece comodidade de compra, garantias de produtos genu\u00ednos e entrega imediata.<\/p><\/span>\t\t\t\t\t\t\t\t\t<\/span>\n\t\t\t\t\t\t\t\t<\/div>\n\t\t\t\t\t\t\t<\/div>\n\t\t\t\t\t\t\t\t\t\t\t\t\t\t<div id=\"uael-accordion-e668cca\" class=\"uael-faq-accordion\" role=\"tablist\">\n\t\t\t\t\t\t\t\t<div class= \"uael-accordion-title\" aria-expanded=\"false\" role=\"tab\">\n\t\t\t\t\t\t\t\t\t<span class=\"uael-accordion-icon uael-accordion-icon-left\">\n\t\t\t\t\t\t\t\t\t\t<span class=\"uael-accordion-icon-closed\"><svg class=\"e-font-icon-svg e-fas-angle-right\" viewbox=\"0 0 256 512\" xmlns=\"http:\/\/www.w3.org\/2000\/svg\"><path d=\"M224.3 273l-136 136c-9.4 9.4-24.6 9.4-33.9 0l-22.6-22.6c-9.4-9.4-9.4-24.6 0-33.9l96.4-96.4-96.4-96.4c-9.4-9.4-9.4-24.6 0-33.9L54.3 103c9.4-9.4 24.6-9.4 33.9 0l136 136c9.5 9.4 9.5 24.6.1 34z\"><\/path><\/svg><\/span>\n\t\t\t\t\t\t\t\t\t\t<span class=\"uael-accordion-icon-opened\"><svg class=\"e-font-icon-svg e-fas-angle-up\" viewbox=\"0 0 320 512\" xmlns=\"http:\/\/www.w3.org\/2000\/svg\"><path d=\"M177 159.7l136 136c9.4 9.4 9.4 24.6 0 33.9l-22.6 22.6c-9.4 9.4-24.6 9.4-33.9 0L160 255.9l-96.4 96.4c-9.4 9.4-24.6 9.4-33.9 0L7 329.7c-9.4-9.4-9.4-24.6 0-33.9l136-136c9.4-9.5 24.6-9.5 34-.1z\"><\/path><\/svg><\/span>\n\t\t\t\t\t\t\t\t\t<\/span>\n\t\t\t\t\t\t\t\t\t<span class=\"uael-question-e668cca uael-question-span\" tabindex=\"0\" id=\"uael-faq-3-6a9cb5aa62b79\">Porqu\u00ea escolher um conjunto de rodas de uma marca profissional em vez de montar o seu pr\u00f3prio conjunto de rodas?<\/span>\n\t\t\t\t\t\t\t\t<\/div>\n\t\t\t\t\t\t\t\t<div class=\"uael-accordion-content\" role=\"tabpanel\">\n\t\t\t\t\t\t\t\t\t<span>\n\t\t\t\t\t\t\t\t\t<span><p>Existe uma diferen\u00e7a fundamental entre os conjuntos de rodas de marcas profissionais e os conjuntos de rodas auto-montados. Os conjuntos de rodas auto-montados s\u00e3o normalmente uma combina\u00e7\u00e3o de componentes escolhidos pelos fabricantes de bicicletas com base no controlo dos custos, enquanto os conjuntos de rodas de marca s\u00e3o sistematicamente concebidos e combinados por marcas profissionais utilizando os seus pr\u00f3prios produtos ou acess\u00f3rios de alta qualidade, com base em requisitos de funcionalidade, especifica\u00e7\u00f5es e apar\u00eancia. O valor central dos conjuntos de rodas de marca reside em tr\u00eas aspectos: Integra\u00e7\u00e3o do sistema - aros, raios e cubos s\u00e3o submetidos a testes e optimiza\u00e7\u00f5es gerais para garantir que todos os componentes funcionam em conjunto sem problemas; Qualidade consistente - normas de controlo de qualidade rigorosas desde as mat\u00e9rias-primas at\u00e9 aos processos de fabrico; e Garantia p\u00f3s-venda - um sistema abrangente de garantia e apoio t\u00e9cnico. Os rodados de bicicleta FEREI, com 20 anos de experi\u00eancia na investiga\u00e7\u00e3o e fabrico de rodados de bicicleta, est\u00e3o empenhados em integrar profundamente a ci\u00eancia dos materiais com a experi\u00eancia de condu\u00e7\u00e3o, permitindo que cada ciclista desfrute de uma qualidade de produto sistematicamente validada.<\/p><\/span>\t\t\t\t\t\t\t\t\t<\/span>\n\t\t\t\t\t\t\t\t<\/div>\n\t\t\t\t\t\t\t<\/div>\n\t\t\t\t\t\t\t\t\t\t\t\t\t\t<div id=\"uael-accordion-64d6df1\" class=\"uael-faq-accordion\" role=\"tablist\">\n\t\t\t\t\t\t\t\t<div class= \"uael-accordion-title\" aria-expanded=\"false\" role=\"tab\">\n\t\t\t\t\t\t\t\t\t<span class=\"uael-accordion-icon uael-accordion-icon-left\">\n\t\t\t\t\t\t\t\t\t\t<span class=\"uael-accordion-icon-closed\"><svg class=\"e-font-icon-svg e-fas-angle-right\" viewbox=\"0 0 256 512\" xmlns=\"http:\/\/www.w3.org\/2000\/svg\"><path d=\"M224.3 273l-136 136c-9.4 9.4-24.6 9.4-33.9 0l-22.6-22.6c-9.4-9.4-9.4-24.6 0-33.9l96.4-96.4-96.4-96.4c-9.4-9.4-9.4-24.6 0-33.9L54.3 103c9.4-9.4 24.6-9.4 33.9 0l136 136c9.5 9.4 9.5 24.6.1 34z\"><\/path><\/svg><\/span>\n\t\t\t\t\t\t\t\t\t\t<span class=\"uael-accordion-icon-opened\"><svg class=\"e-font-icon-svg e-fas-angle-up\" viewbox=\"0 0 320 512\" xmlns=\"http:\/\/www.w3.org\/2000\/svg\"><path d=\"M177 159.7l136 136c9.4 9.4 9.4 24.6 0 33.9l-22.6 22.6c-9.4 9.4-24.6 9.4-33.9 0L160 255.9l-96.4 96.4c-9.4 9.4-24.6 9.4-33.9 0L7 329.7c-9.4-9.4-9.4-24.6 0-33.9l136-136c9.4-9.5 24.6-9.5 34-.1z\"><\/path><\/svg><\/span>\n\t\t\t\t\t\t\t\t\t<\/span>\n\t\t\t\t\t\t\t\t\t<span class=\"uael-question-64d6df1 uael-question-span\" tabindex=\"0\" id=\"uael-faq-4-6a9cb5aa62ba1\">Enquanto marca emergente de rodados para bicicletas, qual \u00e9 a principal filosofia de design da FEREI?<\/span>\n\t\t\t\t\t\t\t\t<\/div>\n\t\t\t\t\t\t\t\t<div class=\"uael-accordion-content\" role=\"tabpanel\">\n\t\t\t\t\t\t\t\t\t<span>\n\t\t\t\t\t\t\t\t\t<span><p>A principal filosofia de desenvolvimento da FEREI \u00e9 \u201cCiclistas em primeiro lugar, artesanato para a qualidade\u201d. Aderimos firmemente ao princ\u00edpio de \u201cnunca comprometer os materiais, o artesanato ou o desempenho\u201d. Ao aprofundar a nossa experi\u00eancia no sector dos conjuntos de rodas para bicicletas, dedicamo-nos a fornecer aos ciclistas de todo o mundo conjuntos de rodas que combinam desempenho, seguran\u00e7a e conforto, promovendo simultaneamente um estilo de vida saud\u00e1vel e livre no ciclismo. Em compara\u00e7\u00e3o com outras marcas, os nossos principais pontos fortes situam-se em duas \u00e1reas-chave: Em primeiro lugar, as nossas vantagens em termos de I&amp;D e artesanato. Temos uma equipa profissional de I&amp;D que se concentra nos avan\u00e7os tecnol\u00f3gicos l\u00edderes da ind\u00fastria. Utilizamos equipamento de produ\u00e7\u00e3o de \u00faltima gera\u00e7\u00e3o e controlamos rigorosamente todas as fases do processo de fabrico - desde a sele\u00e7\u00e3o do material at\u00e9 ao teste do produto final - respeitando sempre os padr\u00f5es mais elevados para garantir que cada conjunto de rodas cumpre os nossos requisitos de qualidade: Com anos de experi\u00eancia na ind\u00fastria, ouvimos constantemente as necessidades dos ciclistas e damos prioridade \u00e0 praticidade do produto e \u00e0 experi\u00eancia do utilizador. Evitamos truques e, em vez disso, constru\u00edmos uma reputa\u00e7\u00e3o de marca forte atrav\u00e9s de uma qualidade s\u00f3lida e de um servi\u00e7o atencioso. Ao equilibrar a qualidade com a acessibilidade, permitimos que mais ciclistas tenham acesso a conjuntos de rodas de alta qualidade e estamos empenhados em tornarmo-nos a marca em que os ciclistas confiam.<\/p><p><i>Traduzido com <a href=\"https:\/\/www.deepl.com\/?utm_campaign=product&amp;utm_source=web_translator&amp;utm_medium=web&amp;utm_content=copy_free_translation\" target=\"_blank\" rel=\"noopener\">DeepL.com<\/a> (vers\u00e3o gratuita)<\/i><\/p><\/span>\t\t\t\t\t\t\t\t\t<\/span>\n\t\t\t\t\t\t\t\t<\/div>\n\t\t\t\t\t\t\t<\/div>\n\t\t\t\t\t\t\t\t\t\t\t\t\t\t<div id=\"uael-accordion-287ca81\" class=\"uael-faq-accordion\" role=\"tablist\">\n\t\t\t\t\t\t\t\t<div class= \"uael-accordion-title\" aria-expanded=\"false\" role=\"tab\">\n\t\t\t\t\t\t\t\t\t<span class=\"uael-accordion-icon uael-accordion-icon-left\">\n\t\t\t\t\t\t\t\t\t\t<span class=\"uael-accordion-icon-closed\"><svg class=\"e-font-icon-svg e-fas-angle-right\" viewbox=\"0 0 256 512\" xmlns=\"http:\/\/www.w3.org\/2000\/svg\"><path d=\"M224.3 273l-136 136c-9.4 9.4-24.6 9.4-33.9 0l-22.6-22.6c-9.4-9.4-9.4-24.6 0-33.9l96.4-96.4-96.4-96.4c-9.4-9.4-9.4-24.6 0-33.9L54.3 103c9.4-9.4 24.6-9.4 33.9 0l136 136c9.5 9.4 9.5 24.6.1 34z\"><\/path><\/svg><\/span>\n\t\t\t\t\t\t\t\t\t\t<span class=\"uael-accordion-icon-opened\"><svg class=\"e-font-icon-svg e-fas-angle-up\" viewbox=\"0 0 320 512\" xmlns=\"http:\/\/www.w3.org\/2000\/svg\"><path d=\"M177 159.7l136 136c9.4 9.4 9.4 24.6 0 33.9l-22.6 22.6c-9.4 9.4-24.6 9.4-33.9 0L160 255.9l-96.4 96.4c-9.4 9.4-24.6 9.4-33.9 0L7 329.7c-9.4-9.4-9.4-24.6 0-33.9l136-136c9.4-9.5 24.6-9.5 34-.1z\"><\/path><\/svg><\/span>\n\t\t\t\t\t\t\t\t\t<\/span>\n\t\t\t\t\t\t\t\t\t<span class=\"uael-question-287ca81 uael-question-span\" tabindex=\"0\" id=\"uael-faq-5-6a9cb5aa62bbe\">Quais s\u00e3o as principais iniciativas da FEREI Wheelset no desenvolvimento de rodas e no controlo de qualidade?<\/span>\n\t\t\t\t\t\t\t\t<\/div>\n\t\t\t\t\t\t\t\t<div class=\"uael-accordion-content\" role=\"tabpanel\">\n\t\t\t\t\t\t\t\t\t<span>\n\t\t\t\t\t\t\t\t\t<span><p>Damos consistentemente prioridade \u00e0 qualidade como principal vantagem competitiva da nossa marca e estabelecemos um sistema abrangente de I&amp;D e controlo de qualidade. As nossas principais iniciativas incluem: \u2460 I&amp;D: Reunimos uma equipa de I&amp;D composta por entusiastas do ciclismo e especialistas t\u00e9cnicos da ind\u00fastria que monitorizam continuamente as tend\u00eancias da ind\u00fastria e as necessidades dos ciclistas. Optimizamos constantemente os designs estruturais dos conjuntos de rodas e actualizamos as aplica\u00e7\u00f5es de materiais, garantindo a compatibilidade em v\u00e1rios cen\u00e1rios de condu\u00e7\u00e3o, evitando assim o desenvolvimento homogeneizado; \u2461 Materiais: Seleccionamos rigorosamente materiais premium de alta resist\u00eancia, leves e ecol\u00f3gicos, estabelecendo normas rigorosas de sele\u00e7\u00e3o de materiais para eliminar materiais de qualidade inferior na fonte, garantindo a durabilidade e a seguran\u00e7a dos nossos conjuntos de rodas; \u2462 Produ\u00e7\u00e3o: Introduzimos equipamentos avan\u00e7ados de produ\u00e7\u00e3o e teste e implementamos uma produ\u00e7\u00e3o padronizada em todo o processo. Cada etapa \u00e9 supervisionada por profissionais para evitar defeitos durante a fabrica\u00e7\u00e3o; \u2463 Testes: Os conjuntos de rodas acabados s\u00e3o submetidos a v\u00e1rias rondas de testes rigorosos, incluindo verifica\u00e7\u00f5es de rota\u00e7\u00e3o suave, rigidez, concentricidade e resist\u00eancia ao impacto. Os produtos que n\u00e3o cumprem os padr\u00f5es nunca s\u00e3o lan\u00e7ados no mercado, garantindo a qualidade consistente de cada conjunto de rodas.<\/p><\/span>\t\t\t\t\t\t\t\t\t<\/span>\n\t\t\t\t\t\t\t\t<\/div>\n\t\t\t\t\t\t\t<\/div>\n\t\t\t\t\t\t\t\t\t\t\t\t\t\t<div id=\"uael-accordion-1c1a8ed\" class=\"uael-faq-accordion\" role=\"tablist\">\n\t\t\t\t\t\t\t\t<div class= \"uael-accordion-title\" aria-expanded=\"false\" role=\"tab\">\n\t\t\t\t\t\t\t\t\t<span class=\"uael-accordion-icon uael-accordion-icon-left\">\n\t\t\t\t\t\t\t\t\t\t<span class=\"uael-accordion-icon-closed\"><svg class=\"e-font-icon-svg e-fas-angle-right\" viewbox=\"0 0 256 512\" xmlns=\"http:\/\/www.w3.org\/2000\/svg\"><path d=\"M224.3 273l-136 136c-9.4 9.4-24.6 9.4-33.9 0l-22.6-22.6c-9.4-9.4-9.4-24.6 0-33.9l96.4-96.4-96.4-96.4c-9.4-9.4-9.4-24.6 0-33.9L54.3 103c9.4-9.4 24.6-9.4 33.9 0l136 136c9.5 9.4 9.5 24.6.1 34z\"><\/path><\/svg><\/span>\n\t\t\t\t\t\t\t\t\t\t<span class=\"uael-accordion-icon-opened\"><svg class=\"e-font-icon-svg e-fas-angle-up\" viewbox=\"0 0 320 512\" xmlns=\"http:\/\/www.w3.org\/2000\/svg\"><path d=\"M177 159.7l136 136c9.4 9.4 9.4 24.6 0 33.9l-22.6 22.6c-9.4 9.4-24.6 9.4-33.9 0L160 255.9l-96.4 96.4c-9.4 9.4-24.6 9.4-33.9 0L7 329.7c-9.4-9.4-9.4-24.6 0-33.9l136-136c9.4-9.5 24.6-9.5 34-.1z\"><\/path><\/svg><\/span>\n\t\t\t\t\t\t\t\t\t<\/span>\n\t\t\t\t\t\t\t\t\t<span class=\"uael-question-1c1a8ed uael-question-span\" tabindex=\"0\" id=\"uael-faq-6-6a9cb5aa62be7\">Os produtos FEREI Wheelset foram submetidos a testes profissionais? S\u00e3o compat\u00edveis com bicicletas de diferentes marcas?<\/span>\n\t\t\t\t\t\t\t\t<\/div>\n\t\t\t\t\t\t\t\t<div class=\"uael-accordion-content\" role=\"tabpanel\">\n\t\t\t\t\t\t\t\t\t<span>\n\t\t\t\t\t\t\t\t\t<span><p>Sim, todos os produtos FEREI Wheelset foram submetidos a testes profissionais. Os cen\u00e1rios de teste abrangem v\u00e1rias condi\u00e7\u00f5es de condu\u00e7\u00e3o, incluindo estrada, montanha e desloca\u00e7\u00f5es di\u00e1rias, e os itens de teste incluem rigidez, resist\u00eancia ao impacto, resist\u00eancia ao desgaste e suavidade de rota\u00e7\u00e3o. Isto assegura que os conjuntos de rodas funcionam de forma fi\u00e1vel em diferentes condi\u00e7\u00f5es e garante a seguran\u00e7a do condutor. Al\u00e9m disso, os nossos conjuntos de rodas cumprem as especifica\u00e7\u00f5es padr\u00e3o da ind\u00fastria e s\u00e3o compat\u00edveis com a grande maioria das marcas e modelos de bicicletas no mercado. Quer se trate de uma bicicleta de estrada, de montanha, de uma bicicleta pendular ou de uma bicicleta el\u00e9ctrica, pode encontrar um conjunto de rodas compat\u00edvel sem se preocupar com problemas de compatibilidade. Defendemos consistentemente o princ\u00edpio da \u201ccompatibilidade universal e qualidade superior\u201d, permitindo que mais ciclistas actualizem facilmente para conjuntos de rodas de alta qualidade e melhorem a sua experi\u00eancia de condu\u00e7\u00e3o.<\/p><\/span>\t\t\t\t\t\t\t\t\t<\/span>\n\t\t\t\t\t\t\t\t<\/div>\n\t\t\t\t\t\t\t<\/div>\n\t\t\t\t\t\t\t\t\t\t\t\t\t\t<div id=\"uael-accordion-5cc9a6d\" class=\"uael-faq-accordion\" role=\"tablist\">\n\t\t\t\t\t\t\t\t<div class= \"uael-accordion-title\" aria-expanded=\"false\" role=\"tab\">\n\t\t\t\t\t\t\t\t\t<span class=\"uael-accordion-icon uael-accordion-icon-left\">\n\t\t\t\t\t\t\t\t\t\t<span class=\"uael-accordion-icon-closed\"><svg class=\"e-font-icon-svg e-fas-angle-right\" viewbox=\"0 0 256 512\" xmlns=\"http:\/\/www.w3.org\/2000\/svg\"><path d=\"M224.3 273l-136 136c-9.4 9.4-24.6 9.4-33.9 0l-22.6-22.6c-9.4-9.4-9.4-24.6 0-33.9l96.4-96.4-96.4-96.4c-9.4-9.4-9.4-24.6 0-33.9L54.3 103c9.4-9.4 24.6-9.4 33.9 0l136 136c9.5 9.4 9.5 24.6.1 34z\"><\/path><\/svg><\/span>\n\t\t\t\t\t\t\t\t\t\t<span class=\"uael-accordion-icon-opened\"><svg class=\"e-font-icon-svg e-fas-angle-up\" viewbox=\"0 0 320 512\" xmlns=\"http:\/\/www.w3.org\/2000\/svg\"><path d=\"M177 159.7l136 136c9.4 9.4 9.4 24.6 0 33.9l-22.6 22.6c-9.4 9.4-24.6 9.4-33.9 0L160 255.9l-96.4 96.4c-9.4 9.4-24.6 9.4-33.9 0L7 329.7c-9.4-9.4-9.4-24.6 0-33.9l136-136c9.4-9.5 24.6-9.5 34-.1z\"><\/path><\/svg><\/span>\n\t\t\t\t\t\t\t\t\t<\/span>\n\t\t\t\t\t\t\t\t\t<span class=\"uael-question-5cc9a6d uael-question-span\" tabindex=\"0\" id=\"uael-faq-7-6a9cb5aa62c06\">Em compara\u00e7\u00e3o com outras marcas no mercado, o que distingue o conjunto de rodas FEREI?<\/span>\n\t\t\t\t\t\t\t\t<\/div>\n\t\t\t\t\t\t\t\t<div class=\"uael-accordion-content\" role=\"tabpanel\">\n\t\t\t\t\t\t\t\t\t<span>\n\t\t\t\t\t\t\t\t\t<span><p>A nossa for\u00e7a resulta da nossa busca incessante de \u201cdesempenho\u201d e \u201cfiabilidade\u201d. Ao contr\u00e1rio de algumas marcas que se concentram apenas nas especifica\u00e7\u00f5es ou nos baixos custos, n\u00f3s insistimos na realiza\u00e7\u00e3o de I&amp;D independente com base na ci\u00eancia dos materiais e na engenharia estrutural. Concentramo-nos n\u00e3o s\u00f3 no peso e na altura do aro dos nossos conjuntos de rodas, mas tamb\u00e9m no seu desempenho geral em condi\u00e7\u00f5es reais de condu\u00e7\u00e3o, como a estabilidade contra o vento, o desempenho de travagem e a durabilidade a longo prazo. Atrav\u00e9s de uma estreita colabora\u00e7\u00e3o com ciclistas profissionais e entusiastas do ciclismo, incorporamos feedback ao n\u00edvel da corrida nos nossos produtos de consumo, assegurando que cada utilizador pode experimentar uma qualidade excecional testada em combate.<\/p><\/span>\t\t\t\t\t\t\t\t\t<\/span>\n\t\t\t\t\t\t\t\t<\/div>\n\t\t\t\t\t\t\t<\/div>\n\t\t\t\t\t\t\t\t\t\t\t\t\t\t<div id=\"uael-accordion-1dc797d\" class=\"uael-faq-accordion\" role=\"tablist\">\n\t\t\t\t\t\t\t\t<div class= \"uael-accordion-title\" aria-expanded=\"false\" role=\"tab\">\n\t\t\t\t\t\t\t\t\t<span class=\"uael-accordion-icon uael-accordion-icon-left\">\n\t\t\t\t\t\t\t\t\t\t<span class=\"uael-accordion-icon-closed\"><svg class=\"e-font-icon-svg e-fas-angle-right\" viewbox=\"0 0 256 512\" xmlns=\"http:\/\/www.w3.org\/2000\/svg\"><path d=\"M224.3 273l-136 136c-9.4 9.4-24.6 9.4-33.9 0l-22.6-22.6c-9.4-9.4-9.4-24.6 0-33.9l96.4-96.4-96.4-96.4c-9.4-9.4-9.4-24.6 0-33.9L54.3 103c9.4-9.4 24.6-9.4 33.9 0l136 136c9.5 9.4 9.5 24.6.1 34z\"><\/path><\/svg><\/span>\n\t\t\t\t\t\t\t\t\t\t<span class=\"uael-accordion-icon-opened\"><svg class=\"e-font-icon-svg e-fas-angle-up\" viewbox=\"0 0 320 512\" xmlns=\"http:\/\/www.w3.org\/2000\/svg\"><path d=\"M177 159.7l136 136c9.4 9.4 9.4 24.6 0 33.9l-22.6 22.6c-9.4 9.4-24.6 9.4-33.9 0L160 255.9l-96.4 96.4c-9.4 9.4-24.6 9.4-33.9 0L7 329.7c-9.4-9.4-9.4-24.6 0-33.9l136-136c9.4-9.5 24.6-9.5 34-.1z\"><\/path><\/svg><\/span>\n\t\t\t\t\t\t\t\t\t<\/span>\n\t\t\t\t\t\t\t\t\t<span class=\"uael-question-1dc797d uael-question-span\" tabindex=\"0\" id=\"uael-faq-8-6a9cb5aa62c24\">Como efetuar uma manuten\u00e7\u00e3o simples nos rodados de bicicleta durante a utiliza\u00e7\u00e3o di\u00e1ria para prolongar a sua vida \u00fatil?<\/span>\n\t\t\t\t\t\t\t\t<\/div>\n\t\t\t\t\t\t\t\t<div class=\"uael-accordion-content\" role=\"tabpanel\">\n\t\t\t\t\t\t\t\t\t<span>\n\t\t\t\t\t\t\t\t\t<span><p>A manuten\u00e7\u00e3o di\u00e1ria dos rodados n\u00e3o requer procedimentos complicados. Se seguir estes quatro passos simples, pode prolongar eficazmente a sua vida \u00fatil:<\/p><p>\u2460 Limpe-os regularmente. Depois de conduzir, limpe o p\u00f3 e a sujidade da superf\u00edcie do conjunto de rodas com um pano seco para evitar que o p\u00f3 e a gordura adiram \u00e0 superf\u00edcie e corroam os materiais. Isto \u00e9 especialmente importante depois de chover - limpe-as imediatamente para evitar a ferrugem;<\/p><p>\u2461 Verifique se h\u00e1 folgas: Inspeccione regularmente os raios e as juntas para verificar se est\u00e3o soltos. Se encontrar alguma, ajuste-a imediatamente para evitar oscila\u00e7\u00f5es ou aban\u00f5es do conjunto de rodas, que podem comprometer a seguran\u00e7a da condu\u00e7\u00e3o;<\/p><p>\u2462 Evitar impactos: Durante os passeios, tente evitar bater com as rodas em objectos duros, como lancis ou pedras soltas, para evitar deforma\u00e7\u00f5es ou danos;<\/p><p>\u2463 Armazenar corretamente: Quando a bicicleta n\u00e3o estiver a ser utilizada durante um per\u00edodo prolongado, guarde-a num ambiente seco e bem ventilado para evitar que as rodas fiquem h\u00famidas ou expostas \u00e0 luz solar direta. Al\u00e9m disso, evite colocar objectos pesados em cima das rodas para evitar deforma\u00e7\u00f5es. Uma simples manuten\u00e7\u00e3o di\u00e1ria manter\u00e1 as suas rodas em \u00f3ptimas condi\u00e7\u00f5es e prolongar\u00e1 a sua vida \u00fatil.<\/p><\/span>\t\t\t\t\t\t\t\t\t<\/span>\n\t\t\t\t\t\t\t\t<\/div>\n\t\t\t\t\t\t\t<\/div>\n\t\t\t\t\t\t\t\t\t\t\t\t\t\t<div id=\"uael-accordion-6a240dc\" class=\"uael-faq-accordion\" role=\"tablist\">\n\t\t\t\t\t\t\t\t<div class= \"uael-accordion-title\" aria-expanded=\"false\" role=\"tab\">\n\t\t\t\t\t\t\t\t\t<span class=\"uael-accordion-icon uael-accordion-icon-left\">\n\t\t\t\t\t\t\t\t\t\t<span class=\"uael-accordion-icon-closed\"><svg class=\"e-font-icon-svg e-fas-angle-right\" viewbox=\"0 0 256 512\" xmlns=\"http:\/\/www.w3.org\/2000\/svg\"><path d=\"M224.3 273l-136 136c-9.4 9.4-24.6 9.4-33.9 0l-22.6-22.6c-9.4-9.4-9.4-24.6 0-33.9l96.4-96.4-96.4-96.4c-9.4-9.4-9.4-24.6 0-33.9L54.3 103c9.4-9.4 24.6-9.4 33.9 0l136 136c9.5 9.4 9.5 24.6.1 34z\"><\/path><\/svg><\/span>\n\t\t\t\t\t\t\t\t\t\t<span class=\"uael-accordion-icon-opened\"><svg class=\"e-font-icon-svg e-fas-angle-up\" viewbox=\"0 0 320 512\" xmlns=\"http:\/\/www.w3.org\/2000\/svg\"><path d=\"M177 159.7l136 136c9.4 9.4 9.4 24.6 0 33.9l-22.6 22.6c-9.4 9.4-24.6 9.4-33.9 0L160 255.9l-96.4 96.4c-9.4 9.4-24.6 9.4-33.9 0L7 329.7c-9.4-9.4-9.4-24.6 0-33.9l136-136c9.4-9.5 24.6-9.5 34-.1z\"><\/path><\/svg><\/span>\n\t\t\t\t\t\t\t\t\t<\/span>\n\t\t\t\t\t\t\t\t\t<span class=\"uael-question-6a240dc uael-question-span\" tabindex=\"0\" id=\"uael-faq-9-6a9cb5aa62c3e\">Que precau\u00e7\u00f5es devem ser tomadas quando se utilizam rodados de bicicleta?<\/span>\n\t\t\t\t\t\t\t\t<\/div>\n\t\t\t\t\t\t\t\t<div class=\"uael-accordion-content\" role=\"tabpanel\">\n\t\t\t\t\t\t\t\t\t<span>\n\t\t\t\t\t\t\t\t\t<span><p>Para garantir a seguran\u00e7a da condu\u00e7\u00e3o e prolongar a vida \u00fatil do seu conjunto de rodas, h\u00e1 tr\u00eas precau\u00e7\u00f5es fundamentais a ter em conta durante a utiliza\u00e7\u00e3o:<\/p><p>\u2460 Utilize o conjunto de rodas correto para as suas condi\u00e7\u00f5es de condu\u00e7\u00e3o. Escolha um conjunto de rodas que se adeq\u00fae ao seu ambiente espec\u00edfico de condu\u00e7\u00e3o - por exemplo, evite utilizar conjuntos de rodas de estrada em terrenos acidentados, como trilhos de montanha - para evitar danos resultantes de uma utiliza\u00e7\u00e3o incorrecta;<\/p><p>\u2461 Assegurar uma instala\u00e7\u00e3o correta. O seu conjunto de rodas deve ser instalado por um profissional para garantir um ajuste seguro e evitar afrouxamentos ou oscila\u00e7\u00f5es que possam comprometer a seguran\u00e7a;<\/p><p>\u2462 Preste aten\u00e7\u00e3o aos limites de carga: Os conjuntos de rodas t\u00eam uma capacidade de carga especificada; evite sobrecarreg\u00e1-los e n\u00e3o pendure objectos pesados nos mesmos para evitar deforma\u00e7\u00f5es ou danos. Al\u00e9m disso, se notar ru\u00eddos invulgares, oscila\u00e7\u00f5es ou desalinhamentos durante a condu\u00e7\u00e3o, pare imediatamente para inspecionar o conjunto de rodas e eliminar potenciais riscos de seguran\u00e7a.<\/p><\/span>\t\t\t\t\t\t\t\t\t<\/span>\n\t\t\t\t\t\t\t\t<\/div>\n\t\t\t\t\t\t\t<\/div>\n\t\t\t\t\t\t\t\t\t\t\t\t\t\t<div id=\"uael-accordion-771d9d2\" class=\"uael-faq-accordion\" role=\"tablist\">\n\t\t\t\t\t\t\t\t<div class= \"uael-accordion-title\" aria-expanded=\"false\" role=\"tab\">\n\t\t\t\t\t\t\t\t\t<span class=\"uael-accordion-icon uael-accordion-icon-left\">\n\t\t\t\t\t\t\t\t\t\t<span class=\"uael-accordion-icon-closed\"><svg class=\"e-font-icon-svg e-fas-angle-right\" viewbox=\"0 0 256 512\" xmlns=\"http:\/\/www.w3.org\/2000\/svg\"><path d=\"M224.3 273l-136 136c-9.4 9.4-24.6 9.4-33.9 0l-22.6-22.6c-9.4-9.4-9.4-24.6 0-33.9l96.4-96.4-96.4-96.4c-9.4-9.4-9.4-24.6 0-33.9L54.3 103c9.4-9.4 24.6-9.4 33.9 0l136 136c9.5 9.4 9.5 24.6.1 34z\"><\/path><\/svg><\/span>\n\t\t\t\t\t\t\t\t\t\t<span class=\"uael-accordion-icon-opened\"><svg class=\"e-font-icon-svg e-fas-angle-up\" viewbox=\"0 0 320 512\" xmlns=\"http:\/\/www.w3.org\/2000\/svg\"><path d=\"M177 159.7l136 136c9.4 9.4 9.4 24.6 0 33.9l-22.6 22.6c-9.4 9.4-24.6 9.4-33.9 0L160 255.9l-96.4 96.4c-9.4 9.4-24.6 9.4-33.9 0L7 329.7c-9.4-9.4-9.4-24.6 0-33.9l136-136c9.4-9.5 24.6-9.5 34-.1z\"><\/path><\/svg><\/span>\n\t\t\t\t\t\t\t\t\t<\/span>\n\t\t\t\t\t\t\t\t\t<span class=\"uael-question-771d9d2 uael-question-span\" tabindex=\"0\" id=\"uael-faq-10-6a9cb5aa62c58\">O que devemos ter em conta quando substitu\u00edmos os rodados das bicicletas?<\/span>\n\t\t\t\t\t\t\t\t<\/div>\n\t\t\t\t\t\t\t\t<div class=\"uael-accordion-content\" role=\"tabpanel\">\n\t\t\t\t\t\t\t\t\t<span>\n\t\t\t\t\t\t\t\t\t<span><p>A substitui\u00e7\u00e3o de rodados de bicicleta n\u00e3o requer procedimentos demasiado complicados, mas h\u00e1 tr\u00eas pontos-chave a ter em conta para garantir uma condu\u00e7\u00e3o segura e suave ap\u00f3s a substitui\u00e7\u00e3o:<\/p><p>\u2460 Verificar a compatibilidade: Antes de substituir o conjunto de rodas, verifique se as especifica\u00e7\u00f5es correspondem \u00e0 sua bicicleta, incluindo o tamanho da roda e o tipo de cubo, para evitar problemas de instala\u00e7\u00e3o;<\/p><p>\u2461 Escolha um conjunto de alta qualidade: D\u00ea prioridade a marcas com boa reputa\u00e7\u00e3o e qualidade garantida para evitar comprar conjuntos de rodas de qualidade inferior que possam comprometer a sua experi\u00eancia de condu\u00e7\u00e3o e seguran\u00e7a;<\/p><p>\u2462 Siga os procedimentos de instala\u00e7\u00e3o corretos. Se n\u00e3o tiver experi\u00eancia de instala\u00e7\u00e3o, recomendamos que visite uma loja de bicicletas profissional para que um t\u00e9cnico certificado instale e ajuste o conjunto de rodas. Isto assegura que o conjunto de rodas est\u00e1 montado de forma segura, roda suavemente e n\u00e3o apresenta oscila\u00e7\u00f5es ou bloqueios. Ap\u00f3s a instala\u00e7\u00e3o, fa\u00e7a um pequeno teste de condu\u00e7\u00e3o para confirmar que n\u00e3o existem problemas antes de retomar a condu\u00e7\u00e3o normal.<\/p><\/span>\t\t\t\t\t\t\t\t\t<\/span>\n\t\t\t\t\t\t\t\t<\/div>\n\t\t\t\t\t\t\t<\/div>\n\t\t\t\t\t\t\t\t\t\t\t\t\t\t<div id=\"uael-accordion-641d6e0\" class=\"uael-faq-accordion\" role=\"tablist\">\n\t\t\t\t\t\t\t\t<div class= \"uael-accordion-title\" aria-expanded=\"false\" role=\"tab\">\n\t\t\t\t\t\t\t\t\t<span class=\"uael-accordion-icon uael-accordion-icon-left\">\n\t\t\t\t\t\t\t\t\t\t<span class=\"uael-accordion-icon-closed\"><svg class=\"e-font-icon-svg e-fas-angle-right\" viewbox=\"0 0 256 512\" xmlns=\"http:\/\/www.w3.org\/2000\/svg\"><path d=\"M224.3 273l-136 136c-9.4 9.4-24.6 9.4-33.9 0l-22.6-22.6c-9.4-9.4-9.4-24.6 0-33.9l96.4-96.4-96.4-96.4c-9.4-9.4-9.4-24.6 0-33.9L54.3 103c9.4-9.4 24.6-9.4 33.9 0l136 136c9.5 9.4 9.5 24.6.1 34z\"><\/path><\/svg><\/span>\n\t\t\t\t\t\t\t\t\t\t<span class=\"uael-accordion-icon-opened\"><svg class=\"e-font-icon-svg e-fas-angle-up\" viewbox=\"0 0 320 512\" xmlns=\"http:\/\/www.w3.org\/2000\/svg\"><path d=\"M177 159.7l136 136c9.4 9.4 9.4 24.6 0 33.9l-22.6 22.6c-9.4 9.4-24.6 9.4-33.9 0L160 255.9l-96.4 96.4c-9.4 9.4-24.6 9.4-33.9 0L7 329.7c-9.4-9.4-9.4-24.6 0-33.9l136-136c9.4-9.5 24.6-9.5 34-.1z\"><\/path><\/svg><\/span>\n\t\t\t\t\t\t\t\t\t<\/span>\n\t\t\t\t\t\t\t\t\t<span class=\"uael-question-641d6e0 uael-question-span\" tabindex=\"0\" id=\"uael-faq-11-6a9cb5aa62c70\">Quais s\u00e3o os materiais mais comuns utilizados nos rodados de bicicleta? Quais s\u00e3o as principais carater\u00edsticas de cada material?<\/span>\n\t\t\t\t\t\t\t\t<\/div>\n\t\t\t\t\t\t\t\t<div class=\"uael-accordion-content\" role=\"tabpanel\">\n\t\t\t\t\t\t\t\t\t<span>\n\t\t\t\t\t\t\t\t\t<span><p>Atualmente, existem tr\u00eas materiais principais utilizados para os conjuntos de rodas de bicicleta, cada um com as suas carater\u00edsticas-chave adequadas a diferentes necessidades de condu\u00e7\u00e3o e or\u00e7amentos (n\u00e3o s\u00e3o aqui abordados produtos espec\u00edficos): \u2460 A liga de alum\u00ednio \u00e9 o material mais utilizado para os conjuntos de rodas no mercado atual. As suas principais carater\u00edsticas incluem uma boa rela\u00e7\u00e3o custo-benef\u00edcio, resist\u00eancia moderada, durabilidade, facilidade de manuten\u00e7\u00e3o e peso moderado. \u00c9 adequado para a maioria das desloca\u00e7\u00f5es di\u00e1rias e cen\u00e1rios de condu\u00e7\u00e3o de n\u00edvel b\u00e1sico e \u00e9 ideal para ciclistas casuais; \u2461 Fibra de carbono: Este \u00e9 um material de roda de gama m\u00e9dia a alta. As suas principais carater\u00edsticas incluem uma constru\u00e7\u00e3o leve, elevada resist\u00eancia, excelente rigidez e design aerodin\u00e2mico, resultando numa elevada efici\u00eancia de condu\u00e7\u00e3o. \u00c9 adequado para ciclistas profissionais e avan\u00e7ados e \u00e9 ideal para corridas de estrada e cen\u00e1rios avan\u00e7ados de mountain bike; \u2462 Liga de magn\u00e9sio: Posicionado entre a liga de alum\u00ednio e a fibra de carbono, suas principais carater\u00edsticas incluem constru\u00e7\u00e3o leve e alta resist\u00eancia ao impacto, atingindo um equil\u00edbrio entre for\u00e7a e peso. \u00c9 adequada para determinados cen\u00e1rios de ciclismo de montanha e de estrada, oferecendo uma rela\u00e7\u00e3o custo\/desempenho que se situa entre os dois. Os conjuntos de rodas feitos de diferentes materiais t\u00eam carater\u00edsticas centrais distintas, permitindo aos ciclistas escolher o material adequado com base nas suas necessidades de condu\u00e7\u00e3o e or\u00e7amento.<\/p><\/span>\t\t\t\t\t\t\t\t\t<\/span>\n\t\t\t\t\t\t\t\t<\/div>\n\t\t\t\t\t\t\t<\/div>\n\t\t\t\t\t\t\t\t\t\t\t\t\t\t<div id=\"uael-accordion-a9d7d39\" class=\"uael-faq-accordion\" role=\"tablist\">\n\t\t\t\t\t\t\t\t<div class= \"uael-accordion-title\" aria-expanded=\"false\" role=\"tab\">\n\t\t\t\t\t\t\t\t\t<span class=\"uael-accordion-icon uael-accordion-icon-left\">\n\t\t\t\t\t\t\t\t\t\t<span class=\"uael-accordion-icon-closed\"><svg class=\"e-font-icon-svg e-fas-angle-right\" viewbox=\"0 0 256 512\" xmlns=\"http:\/\/www.w3.org\/2000\/svg\"><path d=\"M224.3 273l-136 136c-9.4 9.4-24.6 9.4-33.9 0l-22.6-22.6c-9.4-9.4-9.4-24.6 0-33.9l96.4-96.4-96.4-96.4c-9.4-9.4-9.4-24.6 0-33.9L54.3 103c9.4-9.4 24.6-9.4 33.9 0l136 136c9.5 9.4 9.5 24.6.1 34z\"><\/path><\/svg><\/span>\n\t\t\t\t\t\t\t\t\t\t<span class=\"uael-accordion-icon-opened\"><svg class=\"e-font-icon-svg e-fas-angle-up\" viewbox=\"0 0 320 512\" xmlns=\"http:\/\/www.w3.org\/2000\/svg\"><path d=\"M177 159.7l136 136c9.4 9.4 9.4 24.6 0 33.9l-22.6 22.6c-9.4 9.4-24.6 9.4-33.9 0L160 255.9l-96.4 96.4c-9.4 9.4-24.6 9.4-33.9 0L7 329.7c-9.4-9.4-9.4-24.6 0-33.9l136-136c9.4-9.5 24.6-9.5 34-.1z\"><\/path><\/svg><\/span>\n\t\t\t\t\t\t\t\t\t<\/span>\n\t\t\t\t\t\t\t\t\t<span class=\"uael-question-a9d7d39 uael-question-span\" tabindex=\"0\" id=\"uael-faq-12-6a9cb5aa62c88\">Como \u00e9 que a qualidade de fabrico de um conjunto de rodas afecta o seu desempenho e vida \u00fatil?<\/span>\n\t\t\t\t\t\t\t\t<\/div>\n\t\t\t\t\t\t\t\t<div class=\"uael-accordion-content\" role=\"tabpanel\">\n\t\t\t\t\t\t\t\t\t<span>\n\t\t\t\t\t\t\t\t\t<span><p>A qualidade de fabrico de um conjunto de rodas \u00e9 um fator chave que determina o seu desempenho, seguran\u00e7a e vida \u00fatil. Existe uma diferen\u00e7a clara entre os conjuntos de rodas fabricados com m\u00e3o de obra de alta qualidade e os fabricados com m\u00e3o de obra normal:<\/p><p>\u2460 Impacto no desempenho: O fabrico artesanal de alta qualidade garante um controlo preciso da concentricidade e rigidez do conjunto de rodas, resultando numa rota\u00e7\u00e3o mais suave e sem solavancos, numa menor resist\u00eancia ao rolamento e numa melhor efici\u00eancia de condu\u00e7\u00e3o. Tamb\u00e9m absorve melhor as vibra\u00e7\u00f5es da estrada, aumentando o conforto da condu\u00e7\u00e3o; os conjuntos de rodas fabricados com processos de fabrico padr\u00e3o s\u00e3o propensos a oscilar e a gaguejar, tornando a condu\u00e7\u00e3o mais cansativa e menos confort\u00e1vel.<\/p><p>\u2461 Impacto na vida \u00fatil: Os conjuntos de rodas fabricados com processos de fabrico de alta qualidade apresentam liga\u00e7\u00f5es de juntas apertadas e tratamento adequado do material, oferecendo uma forte resist\u00eancia ao desgaste, \u00e0 corros\u00e3o e ao impacto, o que prolonga eficazmente a sua vida \u00fatil; em contrapartida, os conjuntos de rodas fabricados com processos de fabrico padr\u00e3o t\u00eam juntas soltas e tratamento de material \u00e1spero, tornando-os propensos a ferrugem, deforma\u00e7\u00e3o e fissuras, resultando numa vida \u00fatil mais curta.<\/p><p>\u2462 Impacto na seguran\u00e7a: O fabrico artesanal de alta qualidade garante a estabilidade do conjunto de rodas em terrenos complexos e durante a condu\u00e7\u00e3o a alta velocidade, evitando riscos de seguran\u00e7a, como afrouxamento ou quebra; os conjuntos de rodas fabricados com um fabrico artesanal padr\u00e3o s\u00e3o propensos a falhas durante a condu\u00e7\u00e3o de alta intensidade, comprometendo a seguran\u00e7a da condu\u00e7\u00e3o.<\/p><\/span>\t\t\t\t\t\t\t\t\t<\/span>\n\t\t\t\t\t\t\t\t<\/div>\n\t\t\t\t\t\t\t<\/div>\n\t\t\t\t\t\t\t\t\t\t\t\t\t\t<div id=\"uael-accordion-4edc5ba\" class=\"uael-faq-accordion\" role=\"tablist\">\n\t\t\t\t\t\t\t\t<div class= \"uael-accordion-title\" aria-expanded=\"false\" role=\"tab\">\n\t\t\t\t\t\t\t\t\t<span class=\"uael-accordion-icon uael-accordion-icon-left\">\n\t\t\t\t\t\t\t\t\t\t<span class=\"uael-accordion-icon-closed\"><svg class=\"e-font-icon-svg e-fas-angle-right\" viewbox=\"0 0 256 512\" xmlns=\"http:\/\/www.w3.org\/2000\/svg\"><path d=\"M224.3 273l-136 136c-9.4 9.4-24.6 9.4-33.9 0l-22.6-22.6c-9.4-9.4-9.4-24.6 0-33.9l96.4-96.4-96.4-96.4c-9.4-9.4-9.4-24.6 0-33.9L54.3 103c9.4-9.4 24.6-9.4 33.9 0l136 136c9.5 9.4 9.5 24.6.1 34z\"><\/path><\/svg><\/span>\n\t\t\t\t\t\t\t\t\t\t<span class=\"uael-accordion-icon-opened\"><svg class=\"e-font-icon-svg e-fas-angle-up\" viewbox=\"0 0 320 512\" xmlns=\"http:\/\/www.w3.org\/2000\/svg\"><path d=\"M177 159.7l136 136c9.4 9.4 9.4 24.6 0 33.9l-22.6 22.6c-9.4 9.4-24.6 9.4-33.9 0L160 255.9l-96.4 96.4c-9.4 9.4-24.6 9.4-33.9 0L7 329.7c-9.4-9.4-9.4-24.6 0-33.9l136-136c9.4-9.5 24.6-9.5 34-.1z\"><\/path><\/svg><\/span>\n\t\t\t\t\t\t\t\t\t<\/span>\n\t\t\t\t\t\t\t\t\t<span class=\"uael-question-4edc5ba uael-question-span\" tabindex=\"0\" id=\"uael-faq-13-6a9cb5aa62ca1\">Quais s\u00e3o os principais riscos de seguran\u00e7a associados aos rodados de bicicleta e como podem ser evitados?<\/span>\n\t\t\t\t\t\t\t\t<\/div>\n\t\t\t\t\t\t\t\t<div class=\"uael-accordion-content\" role=\"tabpanel\">\n\t\t\t\t\t\t\t\t\t<span>\n\t\t\t\t\t\t\t\t\t<span><p>Os riscos para a seguran\u00e7a dos rodados de bicicleta decorrem principalmente de tr\u00eas \u00e1reas, e a ado\u00e7\u00e3o de medidas adequadas pode evit\u00e1-los eficazmente:<\/p><p>\u2460 Problemas de qualidade com o pr\u00f3prio conjunto de rodas, tais como fissuras ou deforma\u00e7\u00f5es causadas por materiais de m\u00e1 qualidade ou por um acabamento deficiente. Estes riscos podem ser evitados escolhendo marcas de rodas de alta qualidade e comprando atrav\u00e9s de canais autorizados;<\/p><p>\u2461 Perigos causados por uma utiliza\u00e7\u00e3o incorrecta, como sobrecarga, colis\u00f5es com objectos duros ou compatibilidade incorrecta. Estes riscos podem ser evitados utilizando corretamente os conjuntos de rodas e selecionando o conjunto de rodas adequado com base nas condi\u00e7\u00f5es de condu\u00e7\u00e3o;<\/p><p>\u2462 Perigos causados por uma manuten\u00e7\u00e3o inadequada, como raios soltos, ferrugem devido \u00e0 humidade ou desgaste acentuado. Estes riscos podem ser evitados atrav\u00e9s de uma manuten\u00e7\u00e3o regular e de inspec\u00e7\u00f5es atempadas do estado do conjunto de rodas. Al\u00e9m disso, desenvolver o h\u00e1bito de inspecionar as suas rodas antes de andar de bicicleta - para garantir que n\u00e3o est\u00e3o soltas, oscilantes ou com ru\u00eddos invulgares - pode atenuar eficazmente a maioria dos riscos de seguran\u00e7a e garantir uma condu\u00e7\u00e3o segura.<\/p><\/span>\t\t\t\t\t\t\t\t\t<\/span>\n\t\t\t\t\t\t\t\t<\/div>\n\t\t\t\t\t\t\t<\/div>\n\t\t\t\t\t\t\t\t\t\t\t\t\t\t<div id=\"uael-accordion-99dca13\" class=\"uael-faq-accordion\" role=\"tablist\">\n\t\t\t\t\t\t\t\t<div class= \"uael-accordion-title\" aria-expanded=\"false\" role=\"tab\">\n\t\t\t\t\t\t\t\t\t<span class=\"uael-accordion-icon uael-accordion-icon-left\">\n\t\t\t\t\t\t\t\t\t\t<span class=\"uael-accordion-icon-closed\"><svg class=\"e-font-icon-svg e-fas-angle-right\" viewbox=\"0 0 256 512\" xmlns=\"http:\/\/www.w3.org\/2000\/svg\"><path d=\"M224.3 273l-136 136c-9.4 9.4-24.6 9.4-33.9 0l-22.6-22.6c-9.4-9.4-9.4-24.6 0-33.9l96.4-96.4-96.4-96.4c-9.4-9.4-9.4-24.6 0-33.9L54.3 103c9.4-9.4 24.6-9.4 33.9 0l136 136c9.5 9.4 9.5 24.6.1 34z\"><\/path><\/svg><\/span>\n\t\t\t\t\t\t\t\t\t\t<span class=\"uael-accordion-icon-opened\"><svg class=\"e-font-icon-svg e-fas-angle-up\" viewbox=\"0 0 320 512\" xmlns=\"http:\/\/www.w3.org\/2000\/svg\"><path d=\"M177 159.7l136 136c9.4 9.4 9.4 24.6 0 33.9l-22.6 22.6c-9.4 9.4-24.6 9.4-33.9 0L160 255.9l-96.4 96.4c-9.4 9.4-24.6 9.4-33.9 0L7 329.7c-9.4-9.4-9.4-24.6 0-33.9l136-136c9.4-9.5 24.6-9.5 34-.1z\"><\/path><\/svg><\/span>\n\t\t\t\t\t\t\t\t\t<\/span>\n\t\t\t\t\t\t\t\t\t<span class=\"uael-question-99dca13 uael-question-span\" tabindex=\"0\" id=\"uael-faq-14-6a9cb5aa62cb8\">Qual \u00e9 a pol\u00edtica de garantia da FEREI para os conjuntos de rodas? Oferecem servi\u00e7os de manuten\u00e7\u00e3o p\u00f3s-venda?<\/span>\n\t\t\t\t\t\t\t\t<\/div>\n\t\t\t\t\t\t\t\t<div class=\"uael-accordion-content\" role=\"tabpanel\">\n\t\t\t\t\t\t\t\t\t<span>\n\t\t\t\t\t\t\t\t\t<span><p>Damos sempre prioridade \u00e0 experi\u00eancia de cada cliente e estabelecemos uma pol\u00edtica de garantia e um sistema de servi\u00e7o de manuten\u00e7\u00e3o abrangentes, tal como se descreve a seguir: Durante o per\u00edodo de garantia de 2 anos, se o conjunto de rodas desenvolver problemas de qualidade n\u00e3o causados por factores humanos (tais como fissuras de material, defeitos de fabrico ou encravamento por rota\u00e7\u00e3o), forneceremos servi\u00e7os de repara\u00e7\u00e3o gratuitos; se os danos forem causados por factores humanos (tais como impacto, utiliza\u00e7\u00e3o incorrecta ou modifica\u00e7\u00f5es n\u00e3o autorizadas), forneceremos servi\u00e7os de manuten\u00e7\u00e3o pagos e cobraremos taxas razo\u00e1veis pelas pe\u00e7as e m\u00e3o de obra. Para al\u00e9m disso, oferecemos servi\u00e7os de manuten\u00e7\u00e3o vital\u00edcios pagos. Independentemente de o per\u00edodo de garantia ter expirado, se o conjunto de rodas estiver danificado, pode contactar os nossos canais de assist\u00eancia oficiais e n\u00f3s providenciaremos t\u00e9cnicos profissionais para fornecerem apoio de manuten\u00e7\u00e3o para garantir que o seu conjunto de rodas continua a funcionar corretamente. Estamos empenhados em fornecer um servi\u00e7o atencioso para resolver quaisquer preocupa\u00e7\u00f5es que os nossos clientes possam ter, garantindo que todos os clientes que nos escolhem podem pedalar com paz de esp\u00edrito.<\/p><\/span>\t\t\t\t\t\t\t\t\t<\/span>\n\t\t\t\t\t\t\t\t<\/div>\n\t\t\t\t\t\t\t<\/div>\n\t\t\t\t\t\t\t\t\t\t\t<\/div>\n\t\t\t<\/div>\n\t\t\t\t\t\t\t<\/div>\n\t\t\t\t<\/div>\n\t\t\t\t\t<\/div>\n\t\t\t\t<\/div>\n\t\t<div class=\"elementor-element elementor-element-e4cda35 e-flex e-con-boxed e-con e-parent\" data-id=\"e4cda35\" data-element_type=\"container\" data-e-type=\"container\">\n\t\t\t\t\t<div class=\"e-con-inner\">\n\t\t\t\t<div class=\"elementor-element elementor-element-73a3535 elementor-widget elementor-widget-heading\" data-id=\"73a3535\" data-element_type=\"widget\" data-e-type=\"widget\" data-widget_type=\"heading.default\">\n\t\t\t\t\t<h2 class=\"elementor-heading-title elementor-size-default\">ilumina\u00e7\u00e3o<\/h2>\t\t\t\t<\/div>\n\t\t\t\t\t<\/div>\n\t\t\t\t<\/div>\n\t\t<div class=\"elementor-element elementor-element-8bce956 e-flex e-con-boxed e-con e-parent\" data-id=\"8bce956\" data-element_type=\"container\" data-e-type=\"container\">\n\t\t\t\t\t<div class=\"e-con-inner\">\n\t\t\t\t<div class=\"elementor-element elementor-element-a5bdc00 uael-faq-box-layout-yes align-at-left elementor-widget elementor-widget-uael-faq\" data-id=\"a5bdc00\" data-element_type=\"widget\" data-e-type=\"widget\" data-widget_type=\"uael-faq.default\">\n\t\t\t\t<div class=\"elementor-widget-container\">\n\t\t\t\t\t\n\t\t\t<div id='uael-faq-wrapper-173' class=\"uael-faq-wrapper\">\n\t\t\t\t<div class=\"uael-faq-container uael-faq-layout-accordion\" data-layout=\"accordion\" >\n\t\t\t\t\t\t\t\t\t\t\t\t<div id=\"uael-accordion-1961180\" class=\"uael-faq-accordion\" role=\"tablist\">\n\t\t\t\t\t\t\t\t<div class= \"uael-accordion-title\" aria-expanded=\"false\" role=\"tab\">\n\t\t\t\t\t\t\t\t\t<span class=\"uael-accordion-icon uael-accordion-icon-left\">\n\t\t\t\t\t\t\t\t\t\t<span class=\"uael-accordion-icon-closed\"><svg class=\"e-font-icon-svg e-fas-angle-right\" viewbox=\"0 0 256 512\" xmlns=\"http:\/\/www.w3.org\/2000\/svg\"><path d=\"M224.3 273l-136 136c-9.4 9.4-24.6 9.4-33.9 0l-22.6-22.6c-9.4-9.4-9.4-24.6 0-33.9l96.4-96.4-96.4-96.4c-9.4-9.4-9.4-24.6 0-33.9L54.3 103c9.4-9.4 24.6-9.4 33.9 0l136 136c9.5 9.4 9.5 24.6.1 34z\"><\/path><\/svg><\/span>\n\t\t\t\t\t\t\t\t\t\t<span class=\"uael-accordion-icon-opened\"><svg class=\"e-font-icon-svg e-fas-angle-up\" viewbox=\"0 0 320 512\" xmlns=\"http:\/\/www.w3.org\/2000\/svg\"><path d=\"M177 159.7l136 136c9.4 9.4 9.4 24.6 0 33.9l-22.6 22.6c-9.4 9.4-24.6 9.4-33.9 0L160 255.9l-96.4 96.4c-9.4 9.4-24.6 9.4-33.9 0L7 329.7c-9.4-9.4-9.4-24.6 0-33.9l136-136c9.4-9.5 24.6-9.5 34-.1z\"><\/path><\/svg><\/span>\n\t\t\t\t\t\t\t\t\t<\/span>\n\t\t\t\t\t\t\t\t\t<span class=\"uael-question-1961180 uael-question-span\" tabindex=\"0\" id=\"uael-faq-1-6a9cb5aa6369e\">Qual \u00e9 a principal filosofia de desenvolvimento da FEREI? Em compara\u00e7\u00e3o com outras marcas de far\u00f3is para motociclos e ve\u00edculos todo-o-terreno, quais s\u00e3o as suas principais vantagens?<\/span>\n\t\t\t\t\t\t\t\t<\/div>\n\t\t\t\t\t\t\t\t<div class=\"uael-accordion-content\" role=\"tabpanel\">\n\t\t\t\t\t\t\t\t\t<span>\n\t\t\t\t\t\t\t\t\t<span><p>A filosofia de desenvolvimento central da FEREI \u00e9 \u201cConstruir com base na qualidade, avan\u00e7ar com o servi\u00e7o\u201d. Seguindo o princ\u00edpio \u201cQualidade em primeiro lugar, servi\u00e7o para sempre\u201d, a empresa tem estado profundamente empenhada no sector da ilumina\u00e7\u00e3o exterior e desportiva LED desde a sua cria\u00e7\u00e3o em 2004. Dedicamo-nos a fornecer aos entusiastas do motociclismo em todo o mundo produtos de far\u00f3is que combinam conformidade, seguran\u00e7a e praticidade, ao mesmo tempo que promovem uma cultura de liberdade, seguran\u00e7a e paix\u00e3o pelo motociclismo e aventuras fora de estrada. Em compara\u00e7\u00e3o com outras marcas, as principais vantagens da FEREI reflectem-se em tr\u00eas \u00e1reas principais: Primeiro, I&amp;D e vantagens de patente. Com mais de 50 tecnologias patenteadas - incluindo o sistema de controlo de temperatura inteligente patenteado da FEREI, que previne eficazmente a deteriora\u00e7\u00e3o da luz - a empresa reuniu uma equipa de I&amp;D composta por especialistas t\u00e9cnicos da ind\u00fastria e motociclistas experientes para se concentrar nos avan\u00e7os tecnol\u00f3gicos e nas necessidades dos condutores: Seleccionamos caixas de alum\u00ednio de alta resist\u00eancia para uso aeroespacial, lentes com revestimento temperado de 6 mm, componentes electr\u00f3nicos importados e cabos de alimenta\u00e7\u00e3o personalizados para uso no exterior, com todos os detalhes meticulosamente refinados; Terceiro, patrim\u00f3nio e reputa\u00e7\u00e3o da marca. Como uma empresa nacional de alta tecnologia, a Feirui traz anos de experi\u00eancia no sector. Os nossos produtos obtiveram v\u00e1rias certifica\u00e7\u00f5es, incluindo CE, RoHS e IP68, e a nossa rede de distribui\u00e7\u00e3o estende-se por todo o mundo. Atrav\u00e9s de uma qualidade s\u00f3lida e de um servi\u00e7o atencioso, constru\u00edmos uma forte reputa\u00e7\u00e3o de marca, tornando-nos a marca de elei\u00e7\u00e3o de muitos entusiastas de motociclos.<\/p><\/span>\t\t\t\t\t\t\t\t\t<\/span>\n\t\t\t\t\t\t\t\t<\/div>\n\t\t\t\t\t\t\t<\/div>\n\t\t\t\t\t\t\t\t\t\t\t\t\t\t<div id=\"uael-accordion-31532a8\" class=\"uael-faq-accordion\" role=\"tablist\">\n\t\t\t\t\t\t\t\t<div class= \"uael-accordion-title\" aria-expanded=\"false\" role=\"tab\">\n\t\t\t\t\t\t\t\t\t<span class=\"uael-accordion-icon uael-accordion-icon-left\">\n\t\t\t\t\t\t\t\t\t\t<span class=\"uael-accordion-icon-closed\"><svg class=\"e-font-icon-svg e-fas-angle-right\" viewbox=\"0 0 256 512\" xmlns=\"http:\/\/www.w3.org\/2000\/svg\"><path d=\"M224.3 273l-136 136c-9.4 9.4-24.6 9.4-33.9 0l-22.6-22.6c-9.4-9.4-9.4-24.6 0-33.9l96.4-96.4-96.4-96.4c-9.4-9.4-9.4-24.6 0-33.9L54.3 103c9.4-9.4 24.6-9.4 33.9 0l136 136c9.5 9.4 9.5 24.6.1 34z\"><\/path><\/svg><\/span>\n\t\t\t\t\t\t\t\t\t\t<span class=\"uael-accordion-icon-opened\"><svg class=\"e-font-icon-svg e-fas-angle-up\" viewbox=\"0 0 320 512\" xmlns=\"http:\/\/www.w3.org\/2000\/svg\"><path d=\"M177 159.7l136 136c9.4 9.4 9.4 24.6 0 33.9l-22.6 22.6c-9.4 9.4-24.6 9.4-33.9 0L160 255.9l-96.4 96.4c-9.4 9.4-24.6 9.4-33.9 0L7 329.7c-9.4-9.4-9.4-24.6 0-33.9l136-136c9.4-9.5 24.6-9.5 34-.1z\"><\/path><\/svg><\/span>\n\t\t\t\t\t\t\t\t\t<\/span>\n\t\t\t\t\t\t\t\t\t<span class=\"uael-question-31532a8 uael-question-span\" tabindex=\"0\" id=\"uael-faq-2-6a9cb5aa636cd\">Quais s\u00e3o as principais iniciativas da FEREI em mat\u00e9ria de I&amp;D e de controlo de qualidade?<\/span>\n\t\t\t\t\t\t\t\t<\/div>\n\t\t\t\t\t\t\t\t<div class=\"uael-accordion-content\" role=\"tabpanel\">\n\t\t\t\t\t\t\t\t\t<span>\n\t\t\t\t\t\t\t\t\t<span><p>A FEREI sempre considerou a qualidade e a conformidade como as principais vantagens competitivas da marca, estabelecendo um sistema abrangente de I&amp;D e controlo de qualidade. As principais iniciativas incluem:<\/p><p>\u2460 I&amp;D: Reunimos uma equipa profissional de I&amp;D que monitoriza continuamente as actualiza\u00e7\u00f5es das normas de ilumina\u00e7\u00e3o nacionais e aborda os pontos problem\u00e1ticos dos motociclistas. Concentramo-nos em tecnologias essenciais, como o controlo inteligente da temperatura, a penetra\u00e7\u00e3o de luz de alta intensidade e a adaptabilidade em v\u00e1rios cen\u00e1rios. Com mais de 50 patentes, rejeitamos a I&amp;D homogeneizada para garantir que os nossos produtos est\u00e3o em conformidade e s\u00e3o adaptados \u00e0s necessidades dos motociclistas. Tamb\u00e9m incorporamos designs de f\u00e1cil utiliza\u00e7\u00e3o, como o controlo remoto sem fios e a instala\u00e7\u00e3o\/remo\u00e7\u00e3o r\u00e1pida, para melhorar a experi\u00eancia do utilizador;<\/p><p>\u2461 Materiais: Selecionamos rigorosamente alum\u00ednio de alta resist\u00eancia aeroespacial, fontes de luz LED importadas, lentes revestidas temperadas de 6 mm e materiais de veda\u00e7\u00e3o \u00e0 prova d'\u00e1gua premium. Estabelecemos normas rigorosas de sele\u00e7\u00e3o de materiais para eliminar materiais de qualidade inferior na fonte. Os cabos de alimenta\u00e7\u00e3o s\u00e3o fabricados a partir de materiais importados de grau exterior que resistem a temperaturas extremas, \u00f3leo e envelhecimento. Utilizamos chips das principais marcas internacionais para garantir a durabilidade, a dissipa\u00e7\u00e3o de calor e a prote\u00e7\u00e3o dos nossos projectores;<\/p><p>\u2462 Na produ\u00e7\u00e3o, introduzimos equipamentos avan\u00e7ados de fabrica\u00e7\u00e3o e teste para implementar uma produ\u00e7\u00e3o padronizada em todo o processo. Cada passo \u00e9 supervisionado por pessoal especializado, com foco no controlo dos processos de veda\u00e7\u00e3o, cablagem e dissipa\u00e7\u00e3o de calor. At\u00e9 mesmo um \u00fanico parafuso passa por uma nova usinagem para evitar defeitos durante a produ\u00e7\u00e3o; \u2463 Testes: Os projectores acabados s\u00e3o submetidos a v\u00e1rias rondas de testes rigorosos, incluindo a conformidade com as normas de efic\u00e1cia luminosa, bem como testes de resist\u00eancia \u00e0 \u00e1gua e ao p\u00f3, resist\u00eancia ao impacto, resist\u00eancia \u00e0 vibra\u00e7\u00e3o, prote\u00e7\u00e3o contra sobreaquecimento e envelhecimento a alta\/baixa temperatura. Os produtos que n\u00e3o cumprem as normas nunca s\u00e3o lan\u00e7ados no mercado, garantindo a qualidade consistente e o funcionamento seguro de todos os projectores Feirui.<\/p><\/span>\t\t\t\t\t\t\t\t\t<\/span>\n\t\t\t\t\t\t\t\t<\/div>\n\t\t\t\t\t\t\t<\/div>\n\t\t\t\t\t\t\t\t\t\t\t\t\t\t<div id=\"uael-accordion-e668cca\" class=\"uael-faq-accordion\" role=\"tablist\">\n\t\t\t\t\t\t\t\t<div class= \"uael-accordion-title\" aria-expanded=\"false\" role=\"tab\">\n\t\t\t\t\t\t\t\t\t<span class=\"uael-accordion-icon uael-accordion-icon-left\">\n\t\t\t\t\t\t\t\t\t\t<span class=\"uael-accordion-icon-closed\"><svg class=\"e-font-icon-svg e-fas-angle-right\" viewbox=\"0 0 256 512\" xmlns=\"http:\/\/www.w3.org\/2000\/svg\"><path d=\"M224.3 273l-136 136c-9.4 9.4-24.6 9.4-33.9 0l-22.6-22.6c-9.4-9.4-9.4-24.6 0-33.9l96.4-96.4-96.4-96.4c-9.4-9.4-9.4-24.6 0-33.9L54.3 103c9.4-9.4 24.6-9.4 33.9 0l136 136c9.5 9.4 9.5 24.6.1 34z\"><\/path><\/svg><\/span>\n\t\t\t\t\t\t\t\t\t\t<span class=\"uael-accordion-icon-opened\"><svg class=\"e-font-icon-svg e-fas-angle-up\" viewbox=\"0 0 320 512\" xmlns=\"http:\/\/www.w3.org\/2000\/svg\"><path d=\"M177 159.7l136 136c9.4 9.4 9.4 24.6 0 33.9l-22.6 22.6c-9.4 9.4-24.6 9.4-33.9 0L160 255.9l-96.4 96.4c-9.4 9.4-24.6 9.4-33.9 0L7 329.7c-9.4-9.4-9.4-24.6 0-33.9l136-136c9.4-9.5 24.6-9.5 34-.1z\"><\/path><\/svg><\/span>\n\t\t\t\t\t\t\t\t\t<\/span>\n\t\t\t\t\t\t\t\t\t<span class=\"uael-question-e668cca uael-question-span\" tabindex=\"0\" id=\"uael-faq-3-6a9cb5aa636eb\">Porque \u00e9 que a FEREI se concentra nos projectores para motociclos e ve\u00edculos todo-o-terreno? Quais s\u00e3o os seus planos de desenvolvimento futuro?<\/span>\n\t\t\t\t\t\t\t\t<\/div>\n\t\t\t\t\t\t\t\t<div class=\"uael-accordion-content\" role=\"tabpanel\">\n\t\t\t\t\t\t\t\t\t<span>\n\t\t\t\t\t\t\t\t\t<span><p>A principal raz\u00e3o pela qual a FEREI se concentra nos projectores para motociclos e ve\u00edculos todo-o-terreno resulta de uma paix\u00e3o pelo motociclismo e pelos desportos todo-o-terreno, bem como de um profundo conhecimento dos pontos fracos da ind\u00fastria - os projectores s\u00e3o um equipamento de seguran\u00e7a essencial para os condutores que navegam \u00e0 noite e em terrenos dif\u00edceis. Ou emitem uma luz ofuscante que distrai os outros ou s\u00e3o propensos \u00e0 entrada de \u00e1gua e a danos, n\u00e3o garantindo verdadeiramente a seguran\u00e7a dos ciclistas. Como uma marca com anos de profunda experi\u00eancia no sector da ilumina\u00e7\u00e3o LED, a FEREI possui capacidades maduras de I&amp;D e fabrico. Atrav\u00e9s da dedica\u00e7\u00e3o e especializa\u00e7\u00e3o, o nosso objetivo \u00e9 criar produtos de ilumina\u00e7\u00e3o compat\u00edveis, de alta qualidade e duradouros que respondam aos principais problemas dos motociclistas, protejam cada viagem e transmitam a alegria das viagens de moto e das aventuras fora de estrada. Para o futuro, a estrat\u00e9gia de desenvolvimento da FEREI centra-se em tr\u00eas \u00e1reas principais: Em primeiro lugar, continuaremos a aumentar o investimento em I&amp;D, a aprofundar as tecnologias de base, como o controlo inteligente da temperatura e a adaptabilidade a v\u00e1rios cen\u00e1rios, a otimizar a nossa carteira de produtos e a lan\u00e7ar mais produtos adaptados a diferentes modelos de motociclos e cen\u00e1rios de condu\u00e7\u00e3o, de modo a criar mais focos de aten\u00e7\u00e3o competitivos e conformes. Em segundo lugar, refor\u00e7aremos o sistema de servi\u00e7o da nossa marca, melhoraremos a qualidade da consulta pr\u00e9-venda e do apoio p\u00f3s-venda e manteremos o nosso servi\u00e7o de manuten\u00e7\u00e3o vital\u00edcio pago, assegurando que todos os motociclistas que escolhem a FEREI recebem cuidados atentos. Em terceiro lugar, promover a cultura do motociclismo e do todo-o-terreno, organizando v\u00e1rios eventos relacionados com a equita\u00e7\u00e3o para ajudar a popularizar estas actividades, inspirando mais pessoas a apaixonarem-se pela equita\u00e7\u00e3o. Ao mesmo tempo, transmitiremos a filosofia da marca FEREI de \u2019Qualidade em primeiro lugar, servi\u00e7o para sempre\u201c a um p\u00fablico mais vasto de entusiastas de motociclos, esfor\u00e7ando-nos por nos tornarmos uma marca de renome mundial para luzes de motociclos e todo-o-terreno.<\/p><\/span>\t\t\t\t\t\t\t\t\t<\/span>\n\t\t\t\t\t\t\t\t<\/div>\n\t\t\t\t\t\t\t<\/div>\n\t\t\t\t\t\t\t\t\t\t\t\t\t\t<div id=\"uael-accordion-0edc9d4\" class=\"uael-faq-accordion\" role=\"tablist\">\n\t\t\t\t\t\t\t\t<div class= \"uael-accordion-title\" aria-expanded=\"false\" role=\"tab\">\n\t\t\t\t\t\t\t\t\t<span class=\"uael-accordion-icon uael-accordion-icon-left\">\n\t\t\t\t\t\t\t\t\t\t<span class=\"uael-accordion-icon-closed\"><svg class=\"e-font-icon-svg e-fas-angle-right\" viewbox=\"0 0 256 512\" xmlns=\"http:\/\/www.w3.org\/2000\/svg\"><path d=\"M224.3 273l-136 136c-9.4 9.4-24.6 9.4-33.9 0l-22.6-22.6c-9.4-9.4-9.4-24.6 0-33.9l96.4-96.4-96.4-96.4c-9.4-9.4-9.4-24.6 0-33.9L54.3 103c9.4-9.4 24.6-9.4 33.9 0l136 136c9.5 9.4 9.5 24.6.1 34z\"><\/path><\/svg><\/span>\n\t\t\t\t\t\t\t\t\t\t<span class=\"uael-accordion-icon-opened\"><svg class=\"e-font-icon-svg e-fas-angle-up\" viewbox=\"0 0 320 512\" xmlns=\"http:\/\/www.w3.org\/2000\/svg\"><path d=\"M177 159.7l136 136c9.4 9.4 9.4 24.6 0 33.9l-22.6 22.6c-9.4 9.4-24.6 9.4-33.9 0L160 255.9l-96.4 96.4c-9.4 9.4-24.6 9.4-33.9 0L7 329.7c-9.4-9.4-9.4-24.6 0-33.9l136-136c9.4-9.5 24.6-9.5 34-.1z\"><\/path><\/svg><\/span>\n\t\t\t\t\t\t\t\t\t<\/span>\n\t\t\t\t\t\t\t\t\t<span class=\"uael-question-0edc9d4 uael-question-span\" tabindex=\"0\" id=\"uael-faq-4-6a9cb5aa63707\">Os projectores FEREI foram submetidos a testes profissionais? S\u00e3o compat\u00edveis com diferentes marcas de motociclos e ve\u00edculos todo-o-terreno?<\/span>\n\t\t\t\t\t\t\t\t<\/div>\n\t\t\t\t\t\t\t\t<div class=\"uael-accordion-content\" role=\"tabpanel\">\n\t\t\t\t\t\t\t\t\t<span>\n\t\t\t\t\t\t\t\t\t<span><p>Sim, todos os modelos FEREI spotlight foram submetidos a testes profissionais e rigorosos. Os cen\u00e1rios de teste abrangem v\u00e1rias condi\u00e7\u00f5es de condu\u00e7\u00e3o, incluindo desloca\u00e7\u00f5es di\u00e1rias, viagens em autoestrada, todo-o-terreno em montanha e ambientes com chuva, nevoeiro, p\u00f3 e temperaturas extremas. Os itens de teste incluem conformidade da sa\u00edda de luz, resist\u00eancia \u00e0 \u00e1gua e ao p\u00f3 (classifica\u00e7\u00e3o IP68), resist\u00eancia ao impacto, resist\u00eancia \u00e0 vibra\u00e7\u00e3o, dissipa\u00e7\u00e3o de calor, estabilidade da luz e testes de envelhecimento. Isto garante que as luzes funcionam de forma fi\u00e1vel em v\u00e1rias condi\u00e7\u00f5es de funcionamento, salvaguardando a seguran\u00e7a dos condutores. Al\u00e9m disso, as luzes FEREI cumprem as diretrizes de instala\u00e7\u00e3o padr\u00e3o da ind\u00fastria e s\u00e3o compat\u00edveis com a grande maioria das marcas e modelos de motociclos e ve\u00edculos todo-o-terreno no mercado, em particular a BMW (s\u00e9rie 1600, s\u00e9rie 1300, etc.), Harley-Davidson (s\u00e9rie 107, 114, etc.) e Honda (Gold Wing, etc.). Alguns modelos suportam o controlo do interrutor de f\u00e1brica. Oferecemos produtos universais e espec\u00edficos para ve\u00edculos, equilibrando a facilidade de instala\u00e7\u00e3o com a compatibilidade, para que mais condutores possam instalar facilmente os projectores Feirui e aumentar a sua seguran\u00e7a de condu\u00e7\u00e3o.<\/p><\/span>\t\t\t\t\t\t\t\t\t<\/span>\n\t\t\t\t\t\t\t\t<\/div>\n\t\t\t\t\t\t\t<\/div>\n\t\t\t\t\t\t\t\t\t\t\t\t\t\t<div id=\"uael-accordion-a493050\" class=\"uael-faq-accordion\" role=\"tablist\">\n\t\t\t\t\t\t\t\t<div class= \"uael-accordion-title\" aria-expanded=\"false\" role=\"tab\">\n\t\t\t\t\t\t\t\t\t<span class=\"uael-accordion-icon uael-accordion-icon-left\">\n\t\t\t\t\t\t\t\t\t\t<span class=\"uael-accordion-icon-closed\"><svg class=\"e-font-icon-svg e-fas-angle-right\" viewbox=\"0 0 256 512\" xmlns=\"http:\/\/www.w3.org\/2000\/svg\"><path d=\"M224.3 273l-136 136c-9.4 9.4-24.6 9.4-33.9 0l-22.6-22.6c-9.4-9.4-9.4-24.6 0-33.9l96.4-96.4-96.4-96.4c-9.4-9.4-9.4-24.6 0-33.9L54.3 103c9.4-9.4 24.6-9.4 33.9 0l136 136c9.5 9.4 9.5 24.6.1 34z\"><\/path><\/svg><\/span>\n\t\t\t\t\t\t\t\t\t\t<span class=\"uael-accordion-icon-opened\"><svg class=\"e-font-icon-svg e-fas-angle-up\" viewbox=\"0 0 320 512\" xmlns=\"http:\/\/www.w3.org\/2000\/svg\"><path d=\"M177 159.7l136 136c9.4 9.4 9.4 24.6 0 33.9l-22.6 22.6c-9.4 9.4-24.6 9.4-33.9 0L160 255.9l-96.4 96.4c-9.4 9.4-24.6 9.4-33.9 0L7 329.7c-9.4-9.4-9.4-24.6 0-33.9l136-136c9.4-9.5 24.6-9.5 34-.1z\"><\/path><\/svg><\/span>\n\t\t\t\t\t\t\t\t\t<\/span>\n\t\t\t\t\t\t\t\t\t<span class=\"uael-question-a493050 uael-question-span\" tabindex=\"0\" id=\"uael-faq-5-6a9cb5aa63721\">Como efetuar uma manuten\u00e7\u00e3o simples dos projectores FEREI para motociclos e ATV durante a utiliza\u00e7\u00e3o di\u00e1ria para prolongar a sua vida \u00fatil?<\/span>\n\t\t\t\t\t\t\t\t<\/div>\n\t\t\t\t\t\t\t\t<div class=\"uael-accordion-content\" role=\"tabpanel\">\n\t\t\t\t\t\t\t\t\t<span>\n\t\t\t\t\t\t\t\t\t<span><p>A manuten\u00e7\u00e3o quotidiana dos projectores FEREI n\u00e3o requer procedimentos complicados. Tendo em conta os seus materiais e carater\u00edsticas de fabrico, seguindo estes quatro passos simples, \u00e9 poss\u00edvel prolongar eficazmente a sua vida \u00fatil:<\/p><p>\u2460 Limpe regularmente. Ap\u00f3s a utiliza\u00e7\u00e3o, limpe o p\u00f3, a sujidade e as manchas de \u00e1gua da superf\u00edcie do projetor com um pano seco. Preste especial aten\u00e7\u00e3o \u00e0 limpeza da lente com revestimento temperado de 6 mm para evitar que a acumula\u00e7\u00e3o de p\u00f3 e gordura afecte o desempenho da ilumina\u00e7\u00e3o e a transmiss\u00e3o da luz. Depois de andar fora de estrada, remova imediatamente a areia e o p\u00f3 da superf\u00edcie para evitar o desgaste da lente;<\/p><p>\u2461 Inspecionar a montagem e a cablagem: Verifique regularmente se o suporte da luz est\u00e1 solto e se as conex\u00f5es da fia\u00e7\u00e3o est\u00e3o seguras e seladas. As luzes FEREI utilizam cablagem importada de grau exterior que \u00e9 resistente ao envelhecimento, mas os danos devem ser evitados. Se as liga\u00e7\u00f5es estiverem soltas, aperte-as imediatamente. Se houver sinais de danos ou de entrada de \u00e1gua nas liga\u00e7\u00f5es el\u00e9ctricas, trate-os imediatamente para evitar mau contacto ou curto-circuitos;<\/p><p>\u2462 Evite uma utiliza\u00e7\u00e3o incorrecta: N\u00e3o opere as luzes em alta intensidade por per\u00edodos prolongados. Embora as luzes FEREI estejam equipadas com um sistema inteligente de controlo de temperatura, evite cen\u00e1rios de utiliza\u00e7\u00e3o extremos. Al\u00e9m disso, evite que as luzes colidam com objetos duros; embora a caixa de alum\u00ednio de grau de avia\u00e7\u00e3o e a lente de vidro temperado sejam resistentes a impactos, impactos severos ainda podem causar danos;<\/p><p>\u2463 Armazenar corretamente. Quando o ve\u00edculo n\u00e3o estiver a ser utilizado durante um longo per\u00edodo de tempo, limpe os projectores e guarde-os num ambiente seco e bem ventilado. Evite a humidade, a luz solar direta e a press\u00e3o forte para evitar deforma\u00e7\u00f5es ou danos. Uma simples manuten\u00e7\u00e3o di\u00e1ria garante que os projectores FEREI permane\u00e7am em \u00f3ptimas condi\u00e7\u00f5es de funcionamento e potenciem plenamente a sua durabilidade.<\/p><\/span>\t\t\t\t\t\t\t\t\t<\/span>\n\t\t\t\t\t\t\t\t<\/div>\n\t\t\t\t\t\t\t<\/div>\n\t\t\t\t\t\t\t\t\t\t\t\t\t\t<div id=\"uael-accordion-b489418\" class=\"uael-faq-accordion\" role=\"tablist\">\n\t\t\t\t\t\t\t\t<div class= \"uael-accordion-title\" aria-expanded=\"false\" role=\"tab\">\n\t\t\t\t\t\t\t\t\t<span class=\"uael-accordion-icon uael-accordion-icon-left\">\n\t\t\t\t\t\t\t\t\t\t<span class=\"uael-accordion-icon-closed\"><svg class=\"e-font-icon-svg e-fas-angle-right\" viewbox=\"0 0 256 512\" xmlns=\"http:\/\/www.w3.org\/2000\/svg\"><path d=\"M224.3 273l-136 136c-9.4 9.4-24.6 9.4-33.9 0l-22.6-22.6c-9.4-9.4-9.4-24.6 0-33.9l96.4-96.4-96.4-96.4c-9.4-9.4-9.4-24.6 0-33.9L54.3 103c9.4-9.4 24.6-9.4 33.9 0l136 136c9.5 9.4 9.5 24.6.1 34z\"><\/path><\/svg><\/span>\n\t\t\t\t\t\t\t\t\t\t<span class=\"uael-accordion-icon-opened\"><svg class=\"e-font-icon-svg e-fas-angle-up\" viewbox=\"0 0 320 512\" xmlns=\"http:\/\/www.w3.org\/2000\/svg\"><path d=\"M177 159.7l136 136c9.4 9.4 9.4 24.6 0 33.9l-22.6 22.6c-9.4 9.4-24.6 9.4-33.9 0L160 255.9l-96.4 96.4c-9.4 9.4-24.6 9.4-33.9 0L7 329.7c-9.4-9.4-9.4-24.6 0-33.9l136-136c9.4-9.5 24.6-9.5 34-.1z\"><\/path><\/svg><\/span>\n\t\t\t\t\t\t\t\t\t<\/span>\n\t\t\t\t\t\t\t\t\t<span class=\"uael-question-b489418 uael-question-span\" tabindex=\"0\" id=\"uael-faq-6-6a9cb5aa6373b\">Que precau\u00e7\u00f5es devem ser tomadas quando se utilizam os projectores FEREI para motociclos e ve\u00edculos todo-o-terreno?<\/span>\n\t\t\t\t\t\t\t\t<\/div>\n\t\t\t\t\t\t\t\t<div class=\"uael-accordion-content\" role=\"tabpanel\">\n\t\t\t\t\t\t\t\t\t<span>\n\t\t\t\t\t\t\t\t\t<span><p>Para garantir a seguran\u00e7a da condu\u00e7\u00e3o, cumprir os requisitos legais, maximizar as vantagens de desempenho dos projectores FEREI e prolongar a sua vida \u00fatil, preste especial aten\u00e7\u00e3o aos tr\u00eas pontos seguintes durante a utiliza\u00e7\u00e3o:<\/p><p>\u2460 Utilizar em conformidade com os regulamentos: Cumprir rigorosamente as leis e regulamentos de cada pa\u00eds e regi\u00e3o. Desligue os projectores tanto quanto poss\u00edvel quando conduzir em \u00e1reas urbanas. Desligue os projectores ou mude para um modo suave antecipadamente quando se cruzar com ve\u00edculos em sentido contr\u00e1rio para evitar encandear os condutores e pe\u00f5es em sentido contr\u00e1rio. N\u00e3o modificar o brilho ou o padr\u00e3o de feixe dos projectores sem autoriza\u00e7\u00e3o para evitar infrac\u00e7\u00f5es;<\/p><p>\u2461 Instala\u00e7\u00e3o correta: As luzes FEREI devem ser instaladas por um profissional para garantir que o suporte est\u00e1 bem fixo e a cablagem \u00e9 feita corretamente, evitando falhas el\u00e9ctricas causadas por erros de cablagem. Para al\u00e9m disso, a posi\u00e7\u00e3o de instala\u00e7\u00e3o deve estar em conformidade com as leis e regulamentos locais - a luz n\u00e3o deve estar mais alta do que os far\u00f3is ou ultrapassar a largura do ve\u00edculo. Para os modelos compat\u00edveis com os interruptores instalados de f\u00e1brica, \u00e9 necess\u00e1ria uma calibra\u00e7\u00e3o profissional;<\/p><p>\u2462 Adaptar-se ao ambiente de condu\u00e7\u00e3o: Selecione o modo de ilumina\u00e7\u00e3o adequado com base no cen\u00e1rio de condu\u00e7\u00e3o. Os projectores FEREI suportam v\u00e1rios modos de ilumina\u00e7\u00e3o. Para uma condu\u00e7\u00e3o fora de estrada, active o modo de feixe alto para tirar o m\u00e1ximo partido das suas capacidades de elevada penetra\u00e7\u00e3o. Para desloca\u00e7\u00f5es di\u00e1rias ou quando se depara com tr\u00e2nsito em sentido contr\u00e1rio, mude para o modo suave. Em condi\u00e7\u00f5es de chuva ou nevoeiro, mude para o modo de luz amarela para melhorar a penetra\u00e7\u00e3o. Al\u00e9m disso, se notar alguma anomalia no projetor FEREI durante a condu\u00e7\u00e3o - como cintila\u00e7\u00e3o, sobreaquecimento ou entrada de \u00e1gua - pare imediatamente de o utilizar e inspeccione a unidade para evitar riscos de seguran\u00e7a. O seu sistema inteligente de controlo da temperatura minimiza eficazmente o risco de danos causados pelo sobreaquecimento.<\/p><\/span>\t\t\t\t\t\t\t\t\t<\/span>\n\t\t\t\t\t\t\t\t<\/div>\n\t\t\t\t\t\t\t<\/div>\n\t\t\t\t\t\t\t\t\t\t\t\t\t\t<div id=\"uael-accordion-27a2d5c\" class=\"uael-faq-accordion\" role=\"tablist\">\n\t\t\t\t\t\t\t\t<div class= \"uael-accordion-title\" aria-expanded=\"false\" role=\"tab\">\n\t\t\t\t\t\t\t\t\t<span class=\"uael-accordion-icon uael-accordion-icon-left\">\n\t\t\t\t\t\t\t\t\t\t<span class=\"uael-accordion-icon-closed\"><svg class=\"e-font-icon-svg e-fas-angle-right\" viewbox=\"0 0 256 512\" xmlns=\"http:\/\/www.w3.org\/2000\/svg\"><path d=\"M224.3 273l-136 136c-9.4 9.4-24.6 9.4-33.9 0l-22.6-22.6c-9.4-9.4-9.4-24.6 0-33.9l96.4-96.4-96.4-96.4c-9.4-9.4-9.4-24.6 0-33.9L54.3 103c9.4-9.4 24.6-9.4 33.9 0l136 136c9.5 9.4 9.5 24.6.1 34z\"><\/path><\/svg><\/span>\n\t\t\t\t\t\t\t\t\t\t<span class=\"uael-accordion-icon-opened\"><svg class=\"e-font-icon-svg e-fas-angle-up\" viewbox=\"0 0 320 512\" xmlns=\"http:\/\/www.w3.org\/2000\/svg\"><path d=\"M177 159.7l136 136c9.4 9.4 9.4 24.6 0 33.9l-22.6 22.6c-9.4 9.4-24.6 9.4-33.9 0L160 255.9l-96.4 96.4c-9.4 9.4-24.6 9.4-33.9 0L7 329.7c-9.4-9.4-9.4-24.6 0-33.9l136-136c9.4-9.5 24.6-9.5 34-.1z\"><\/path><\/svg><\/span>\n\t\t\t\t\t\t\t\t\t<\/span>\n\t\t\t\t\t\t\t\t\t<span class=\"uael-question-27a2d5c uael-question-span\" tabindex=\"0\" id=\"uael-faq-7-6a9cb5aa6375b\">O que devemos ter em conta ao instalar os projectores FEREI para motociclos ou para ve\u00edculos todo-o-terreno?<\/span>\n\t\t\t\t\t\t\t\t<\/div>\n\t\t\t\t\t\t\t\t<div class=\"uael-accordion-content\" role=\"tabpanel\">\n\t\t\t\t\t\t\t\t\t<span>\n\t\t\t\t\t\t\t\t\t<span><p>A instala\u00e7\u00e3o dos projectores FEREI n\u00e3o requer procedimentos demasiado complicados, mas dadas as carater\u00edsticas do produto, h\u00e1 tr\u00eas pontos-chave a ter em conta para garantir uma condu\u00e7\u00e3o segura, conforme e sem problemas ap\u00f3s a instala\u00e7\u00e3o:<\/p><p>\u2460 Verificar a compatibilidade: Antes da instala\u00e7\u00e3o, confirme se as especifica\u00e7\u00f5es dos projectores FEREI correspondem ao seu ve\u00edculo. A FEREI oferece op\u00e7\u00f5es universais e espec\u00edficas para cada modelo, com compatibilidade especial para modelos convencionais, como BMW, Harley-Davidson e Honda. Alguns modelos suportam o controlo atrav\u00e9s do interrutor original do ve\u00edculo. Certifique-se de que o modelo do seu ve\u00edculo \u00e9 compat\u00edvel com os projectores para evitar problemas de instala\u00e7\u00e3o ou instabilidade ap\u00f3s a instala\u00e7\u00e3o;<\/p><p>\u2461 Compra de canais autorizados. Como uma marca bem conhecida, os holofotes FEREI devem ser adquiridos atrav\u00e9s de canais oficiais autorizados para evitar produtos falsificados ou de baixa qualidade, que podem comprometer a seguran\u00e7a da condu\u00e7\u00e3o e anular a garantia do produto;<\/p><p>\u2462 Siga os procedimentos de instala\u00e7\u00e3o corretos. Se n\u00e3o tiver experi\u00eancia de instala\u00e7\u00e3o, recomendamos que visite uma oficina de repara\u00e7\u00e3o de motociclos profissional para que um t\u00e9cnico certificado instale e ajuste as luzes. Certifique-se de que o suporte est\u00e1 bem fixo e que a cablagem est\u00e1 feita corretamente. Ajuste o \u00e2ngulo do feixe de luz para garantir que a luz n\u00e3o \u00e9 ofuscante e cumpre os regulamentos. Ap\u00f3s a instala\u00e7\u00e3o, fa\u00e7a um breve teste de condu\u00e7\u00e3o para confirmar que os projectores FEREI est\u00e3o a funcionar normalmente antes de prosseguir com a condu\u00e7\u00e3o regular para utilizar plenamente o seu desempenho de ilumina\u00e7\u00e3o e benef\u00edcios de seguran\u00e7a.<\/p><\/span>\t\t\t\t\t\t\t\t\t<\/span>\n\t\t\t\t\t\t\t\t<\/div>\n\t\t\t\t\t\t\t<\/div>\n\t\t\t\t\t\t\t\t\t\t\t\t\t\t<div id=\"uael-accordion-220db4e\" class=\"uael-faq-accordion\" role=\"tablist\">\n\t\t\t\t\t\t\t\t<div class= \"uael-accordion-title\" aria-expanded=\"false\" role=\"tab\">\n\t\t\t\t\t\t\t\t\t<span class=\"uael-accordion-icon uael-accordion-icon-left\">\n\t\t\t\t\t\t\t\t\t\t<span class=\"uael-accordion-icon-closed\"><svg class=\"e-font-icon-svg e-fas-angle-right\" viewbox=\"0 0 256 512\" xmlns=\"http:\/\/www.w3.org\/2000\/svg\"><path d=\"M224.3 273l-136 136c-9.4 9.4-24.6 9.4-33.9 0l-22.6-22.6c-9.4-9.4-9.4-24.6 0-33.9l96.4-96.4-96.4-96.4c-9.4-9.4-9.4-24.6 0-33.9L54.3 103c9.4-9.4 24.6-9.4 33.9 0l136 136c9.5 9.4 9.5 24.6.1 34z\"><\/path><\/svg><\/span>\n\t\t\t\t\t\t\t\t\t\t<span class=\"uael-accordion-icon-opened\"><svg class=\"e-font-icon-svg e-fas-angle-up\" viewbox=\"0 0 320 512\" xmlns=\"http:\/\/www.w3.org\/2000\/svg\"><path d=\"M177 159.7l136 136c9.4 9.4 9.4 24.6 0 33.9l-22.6 22.6c-9.4 9.4-24.6 9.4-33.9 0L160 255.9l-96.4 96.4c-9.4 9.4-24.6 9.4-33.9 0L7 329.7c-9.4-9.4-9.4-24.6 0-33.9l136-136c9.4-9.5 24.6-9.5 34-.1z\"><\/path><\/svg><\/span>\n\t\t\t\t\t\t\t\t\t<\/span>\n\t\t\t\t\t\t\t\t\t<span class=\"uael-question-220db4e uael-question-span\" tabindex=\"0\" id=\"uael-faq-8-6a9cb5aa63774\">Quais s\u00e3o os materiais mais comuns utilizados nos projectores para motociclos e ve\u00edculos todo-o-terreno? Que vantagens oferece o FEREI em termos de sele\u00e7\u00e3o de materiais?<\/span>\n\t\t\t\t\t\t\t\t<\/div>\n\t\t\t\t\t\t\t\t<div class=\"uael-accordion-content\" role=\"tabpanel\">\n\t\t\t\t\t\t\t\t\t<span>\n\t\t\t\t\t\t\t\t\t<span><p>Atualmente, os materiais comuns utilizados nos projectores para motociclos e ve\u00edculos todo-o-terreno dividem-se principalmente em tr\u00eas categorias: caixa, fonte de luz e componentes de dissipa\u00e7\u00e3o de calor. Cada um tem as suas pr\u00f3prias carater\u00edsticas-chave e \u00e9 adequado a diferentes posicionamentos de produto e necessidades de condu\u00e7\u00e3o:<\/p><p>\u2460 Material da caixa: A escolha principal \u00e9 o alum\u00ednio de grau aeroespacial, que \u00e9 caracterizado por alta resist\u00eancia, constru\u00e7\u00e3o leve e excelente dissipa\u00e7\u00e3o de calor. Ele pode suportar vibra\u00e7\u00f5es off-road e ambientes externos adversos, oferecendo um certo grau de resist\u00eancia \u00e0 corros\u00e3o, tornando-o o material preferido para holofotes de alta qualidade. Alguns produtos de n\u00edvel b\u00e1sico utilizam uma liga de alum\u00ednio normal, que oferece uma boa rela\u00e7\u00e3o qualidade\/pre\u00e7o, mas \u00e9 ligeiramente inferior em termos de resist\u00eancia e dissipa\u00e7\u00e3o de calor;<\/p><p>\u2461 Material da fonte de luz: Principalmente LED, caracterizado por alto brilho, baixo consumo de energia, longa vida \u00fatil e sa\u00edda de luz est\u00e1vel. Acomoda v\u00e1rios requisitos de temperatura de cor e satisfaz as necessidades de ilumina\u00e7\u00e3o para condi\u00e7\u00f5es de estrada nocturnas e complexas, tornando-a a principal fonte de luz da ind\u00fastria;<\/p><p>\u2462 Materiais de dissipa\u00e7\u00e3o de calor e veda\u00e7\u00e3o: Os componentes de dissipa\u00e7\u00e3o de calor normalmente usam aletas de liga de alum\u00ednio, que oferecem alta efici\u00eancia de dissipa\u00e7\u00e3o de calor e evitam danos por superaquecimento durante o uso prolongado; Os materiais de veda\u00e7\u00e3o s\u00e3o principalmente silicone ou fluororubber de alta qualidade, apresentando excelente desempenho \u00e0 prova d'\u00e1gua e \u00e0 prova de poeira para evitar efetivamente que a chuva e a poeira entrem no holofote, garantindo uma opera\u00e7\u00e3o est\u00e1vel. Os projectores Feirui t\u00eam vantagens significativas na sele\u00e7\u00e3o de materiais: a caixa \u00e9 feita de alum\u00ednio aeroespacial de alta resist\u00eancia e a lente utiliza uma lente de 6 mm de espessura, temperada e revestida com uma transmiss\u00e3o de luz superior a 95%; oferecendo resist\u00eancia ao impacto, resist\u00eancia a riscos e resist\u00eancia ao desgaste. A fonte de luz utiliza chips LED importados de topo de gama, enquanto o sistema de dissipa\u00e7\u00e3o de calor utiliza um substrato de cobre emparelhado com aletas de liga de alum\u00ednio para uma maior efici\u00eancia t\u00e9rmica. O cabo de alimenta\u00e7\u00e3o \u00e9 feito de materiais importados especificamente concebidos para utiliza\u00e7\u00e3o no exterior, apresentando resist\u00eancia a temperaturas altas e baixas, \u00f3leo e envelhecimento. O material de veda\u00e7\u00e3o \u00e9 silicone de primeira qualidade, alcan\u00e7ando uma classifica\u00e7\u00e3o IP68 \u00e0 prova de \u00e1gua e poeira, melhorando de forma abrangente a qualidade do produto e a vida \u00fatil.<\/p><\/span>\t\t\t\t\t\t\t\t\t<\/span>\n\t\t\t\t\t\t\t\t<\/div>\n\t\t\t\t\t\t\t<\/div>\n\t\t\t\t\t\t\t\t\t\t\t\t\t\t<div id=\"uael-accordion-4938b10\" class=\"uael-faq-accordion\" role=\"tablist\">\n\t\t\t\t\t\t\t\t<div class= \"uael-accordion-title\" aria-expanded=\"false\" role=\"tab\">\n\t\t\t\t\t\t\t\t\t<span class=\"uael-accordion-icon uael-accordion-icon-left\">\n\t\t\t\t\t\t\t\t\t\t<span class=\"uael-accordion-icon-closed\"><svg class=\"e-font-icon-svg e-fas-angle-right\" viewbox=\"0 0 256 512\" xmlns=\"http:\/\/www.w3.org\/2000\/svg\"><path d=\"M224.3 273l-136 136c-9.4 9.4-24.6 9.4-33.9 0l-22.6-22.6c-9.4-9.4-9.4-24.6 0-33.9l96.4-96.4-96.4-96.4c-9.4-9.4-9.4-24.6 0-33.9L54.3 103c9.4-9.4 24.6-9.4 33.9 0l136 136c9.5 9.4 9.5 24.6.1 34z\"><\/path><\/svg><\/span>\n\t\t\t\t\t\t\t\t\t\t<span class=\"uael-accordion-icon-opened\"><svg class=\"e-font-icon-svg e-fas-angle-up\" viewbox=\"0 0 320 512\" xmlns=\"http:\/\/www.w3.org\/2000\/svg\"><path d=\"M177 159.7l136 136c9.4 9.4 9.4 24.6 0 33.9l-22.6 22.6c-9.4 9.4-24.6 9.4-33.9 0L160 255.9l-96.4 96.4c-9.4 9.4-24.6 9.4-33.9 0L7 329.7c-9.4-9.4-9.4-24.6 0-33.9l136-136c9.4-9.5 24.6-9.5 34-.1z\"><\/path><\/svg><\/span>\n\t\t\t\t\t\t\t\t\t<\/span>\n\t\t\t\t\t\t\t\t\t<span class=\"uael-question-4938b10 uael-question-span\" tabindex=\"0\" id=\"uael-faq-9-6a9cb5aa6378d\">Como \u00e9 que a qualidade do trabalho artesanal afecta o desempenho e a vida \u00fatil dos projectores? Quais s\u00e3o as carater\u00edsticas distintivas dos projectores FEREI em termos de qualidade artesanal?<\/span>\n\t\t\t\t\t\t\t\t<\/div>\n\t\t\t\t\t\t\t\t<div class=\"uael-accordion-content\" role=\"tabpanel\">\n\t\t\t\t\t\t\t\t\t<span>\n\t\t\t\t\t\t\t\t\t<span><p>A qualidade do trabalho artesanal \u00e9 um fator-chave para determinar o desempenho, a seguran\u00e7a e a vida \u00fatil dos projectores. Existe uma clara diferen\u00e7a entre os projectores fabricados com artesanato de alta qualidade e os fabricados com artesanato comum:<\/p><p>\u2460 Impacto no desempenho: O artesanato de alta qualidade garante uma instala\u00e7\u00e3o precisa da fonte de luz, distribui\u00e7\u00e3o uniforme da luz sem dispers\u00e3o e uma linha de corte clara, tudo em conformidade com os padr\u00f5es regulamentares. Al\u00e9m disso, a estrutura de dissipa\u00e7\u00e3o de calor \u00e9 bem concebida para uma elevada efici\u00eancia, evitando o sobreaquecimento durante uma utiliza\u00e7\u00e3o prolongada e garantindo uma sa\u00edda de luz est\u00e1vel. Em contraste, os projectores com um fabrico artesanal vulgar apresentam frequentemente uma luz dispersa e ofuscante e uma fraca dissipa\u00e7\u00e3o de calor. Ap\u00f3s uma utiliza\u00e7\u00e3o prolongada, o seu brilho diminui significativamente e podem ocorrer problemas como cintila\u00e7\u00e3o ou falha total.<\/p><p>\u2461 Impacto na vida \u00fatil: Os projectores com um fabrico artesanal de alta qualidade apresentam caixas bem ajustadas e devidamente seladas, com uma impermeabiliza\u00e7\u00e3o fi\u00e1vel e \u00e0 prova de poeiras. A sua cablagem \u00e9 feita de acordo com as normas, tornando-os menos propensos \u00e0 entrada de \u00e1gua, curto-circuitos ou m\u00e1s liga\u00e7\u00f5es, resultando numa vida \u00fatil mais longa. Os projectores com um fabrico artesanal normal t\u00eam liga\u00e7\u00f5es soltas e m\u00e1 veda\u00e7\u00e3o, tornando-os suscept\u00edveis \u00e0 entrada de \u00e1gua e poeira, o que pode danificar os componentes internos e levar a uma vida \u00fatil mais curta.<\/p><p>\u2462 Impacto na seguran\u00e7a: Os projectores com fabrico artesanal de alta qualidade t\u00eam suportes montados de forma segura que podem suportar vibra\u00e7\u00f5es fora de estrada sem se soltarem ou destacarem. Para al\u00e9m disso, a sua emiss\u00e3o de luz est\u00e1 em conformidade com os regulamentos e n\u00e3o interfere com os outros. Os far\u00f3is com um fabrico vulgar t\u00eam suportes que t\u00eam tend\u00eancia a soltar-se ou mesmo a destacar-se durante as vibra\u00e7\u00f5es, o que representa um risco significativo para a seguran\u00e7a. Para al\u00e9m disso, a sua luz pode ser excessivamente brilhante e n\u00e3o estar em conformidade, comprometendo a seguran\u00e7a dos ve\u00edculos que circulam em sentido contr\u00e1rio. Os projectores FERE s\u00e3o caracterizados por um trabalho artesanal distinto: a caixa \u00e9 montada com uma veda\u00e7\u00e3o requintada, a cablagem \u00e9 normalizada utilizando cabos importados e a soldadura de chips e componentes electr\u00f3nicos \u00e9 executada meticulosamente. Alguns parafusos s\u00e3o submetidos a um processamento secund\u00e1rio, demonstrando a aten\u00e7\u00e3o aos pormenores. Al\u00e9m disso, a integra\u00e7\u00e3o da nossa tecnologia patenteada de controlo inteligente da temperatura evita eficazmente a deteriora\u00e7\u00e3o da luz, melhorando significativamente o desempenho do produto e a sua vida \u00fatil.<\/p><\/span>\t\t\t\t\t\t\t\t\t<\/span>\n\t\t\t\t\t\t\t\t<\/div>\n\t\t\t\t\t\t\t<\/div>\n\t\t\t\t\t\t\t\t\t\t\t\t\t\t<div id=\"uael-accordion-a28a47f\" class=\"uael-faq-accordion\" role=\"tablist\">\n\t\t\t\t\t\t\t\t<div class= \"uael-accordion-title\" aria-expanded=\"false\" role=\"tab\">\n\t\t\t\t\t\t\t\t\t<span class=\"uael-accordion-icon uael-accordion-icon-left\">\n\t\t\t\t\t\t\t\t\t\t<span class=\"uael-accordion-icon-closed\"><svg class=\"e-font-icon-svg e-fas-angle-right\" viewbox=\"0 0 256 512\" xmlns=\"http:\/\/www.w3.org\/2000\/svg\"><path d=\"M224.3 273l-136 136c-9.4 9.4-24.6 9.4-33.9 0l-22.6-22.6c-9.4-9.4-9.4-24.6 0-33.9l96.4-96.4-96.4-96.4c-9.4-9.4-9.4-24.6 0-33.9L54.3 103c9.4-9.4 24.6-9.4 33.9 0l136 136c9.5 9.4 9.5 24.6.1 34z\"><\/path><\/svg><\/span>\n\t\t\t\t\t\t\t\t\t\t<span class=\"uael-accordion-icon-opened\"><svg class=\"e-font-icon-svg e-fas-angle-up\" viewbox=\"0 0 320 512\" xmlns=\"http:\/\/www.w3.org\/2000\/svg\"><path d=\"M177 159.7l136 136c9.4 9.4 9.4 24.6 0 33.9l-22.6 22.6c-9.4 9.4-24.6 9.4-33.9 0L160 255.9l-96.4 96.4c-9.4 9.4-24.6 9.4-33.9 0L7 329.7c-9.4-9.4-9.4-24.6 0-33.9l136-136c9.4-9.5 24.6-9.5 34-.1z\"><\/path><\/svg><\/span>\n\t\t\t\t\t\t\t\t\t<\/span>\n\t\t\t\t\t\t\t\t\t<span class=\"uael-question-a28a47f uael-question-span\" tabindex=\"0\" id=\"uael-faq-10-6a9cb5aa637a5\">Quais s\u00e3o os principais riscos de seguran\u00e7a associados aos projectores para motociclos e ve\u00edculos todo-o-terreno? Como podem ser evitados? Que vantagens de seguran\u00e7a oferecem os projectores FEREI?<\/span>\n\t\t\t\t\t\t\t\t<\/div>\n\t\t\t\t\t\t\t\t<div class=\"uael-accordion-content\" role=\"tabpanel\">\n\t\t\t\t\t\t\t\t\t<span>\n\t\t\t\t\t\t\t\t\t<span><p>Os riscos de seguran\u00e7a associados aos projectores para motociclos e ve\u00edculos todo-o-terreno resultam principalmente de tr\u00eas \u00e1reas e podem ser evitados eficazmente se forem tomadas medidas adequadas:<\/p><p>\u2460 Quest\u00f5es relacionadas com a qualidade e a conformidade dos pr\u00f3prios projectores, como a entrada de \u00e1gua, curto-circuitos e danos na fonte de luz causados por materiais pobres ou m\u00e3o de obra de m\u00e1 qualidade, ou o brilho de projectores n\u00e3o conformes. Estes riscos podem ser evitados escolhendo marcas de projectores de alta qualidade e conformes e comprando-os atrav\u00e9s dos canais oficiais.<\/p><p>\u2461 Perigos causados por instala\u00e7\u00e3o e utiliza\u00e7\u00e3o inadequadas, tais como suportes soltos, cablagem incorrecta, modifica\u00e7\u00f5es n\u00e3o autorizadas ou brilho excessivo que perturbe outras pessoas. Estes perigos podem ser evitados assegurando uma instala\u00e7\u00e3o correta, utilizando as luzes de acordo com os regulamentos, abstendo-se de modifica\u00e7\u00f5es n\u00e3o autorizadas e alternando os modos de ilumina\u00e7\u00e3o com base na situa\u00e7\u00e3o;<\/p><p>\u2462 Perigos causados por uma manuten\u00e7\u00e3o incorrecta, tais como liga\u00e7\u00f5es el\u00e9ctricas danificadas, abajures gastos ou dissipa\u00e7\u00e3o de calor bloqueada. Estes perigos podem ser evitados atrav\u00e9s de uma manuten\u00e7\u00e3o regular, inspec\u00e7\u00f5es atempadas dos projectores, limpeza do p\u00f3 dos componentes de dissipa\u00e7\u00e3o de calor e repara\u00e7\u00e3o da cablagem danificada. Al\u00e9m disso, desenvolver o h\u00e1bito de verificar os seus projectores antes de conduzir - assegurando que o suporte est\u00e1 seguro, que as luzes est\u00e3o a funcionar corretamente e que a cablagem n\u00e3o est\u00e1 danificada - pode atenuar eficazmente a maioria dos riscos de seguran\u00e7a e garantir a seguran\u00e7a da condu\u00e7\u00e3o. Os projectores FEREI s\u00e3o excelentes na prote\u00e7\u00e3o da seguran\u00e7a, apresentando uma linha de corte clara para evitar que o brilho incomode os outros. Tamb\u00e9m incorporam um sistema de controlo de temperatura inteligente patenteado que ajusta automaticamente a pot\u00eancia de sa\u00edda para evitar o sobreaquecimento, os danos e a deteriora\u00e7\u00e3o da luz. Com uma classifica\u00e7\u00e3o IP68 \u00e0 prova de \u00e1gua e de poeiras, podem resistir a ambientes adversos, como chuvas torrenciais e tempestades de areia. A caixa \u00e9 fabricada em alum\u00ednio aeroespacial de alta resist\u00eancia e a lente \u00e9 fabricada em vidro temperado e revestido de 6 mm, oferecendo resist\u00eancia ao impacto e prote\u00e7\u00e3o contra estilha\u00e7os. Tendo sido submetida a v\u00e1rias rondas de testes rigorosos - desde os materiais e a qualidade artesanal at\u00e9 ao desempenho - elimina de forma abrangente os riscos de seguran\u00e7a, proporcionando uma prote\u00e7\u00e3o dupla aos motociclistas na estrada.<\/p><\/span>\t\t\t\t\t\t\t\t\t<\/span>\n\t\t\t\t\t\t\t\t<\/div>\n\t\t\t\t\t\t\t<\/div>\n\t\t\t\t\t\t\t\t\t\t\t\t\t\t<div id=\"uael-accordion-447ac6f\" class=\"uael-faq-accordion\" role=\"tablist\">\n\t\t\t\t\t\t\t\t<div class= \"uael-accordion-title\" aria-expanded=\"false\" role=\"tab\">\n\t\t\t\t\t\t\t\t\t<span class=\"uael-accordion-icon uael-accordion-icon-left\">\n\t\t\t\t\t\t\t\t\t\t<span class=\"uael-accordion-icon-closed\"><svg class=\"e-font-icon-svg e-fas-angle-right\" viewbox=\"0 0 256 512\" xmlns=\"http:\/\/www.w3.org\/2000\/svg\"><path d=\"M224.3 273l-136 136c-9.4 9.4-24.6 9.4-33.9 0l-22.6-22.6c-9.4-9.4-9.4-24.6 0-33.9l96.4-96.4-96.4-96.4c-9.4-9.4-9.4-24.6 0-33.9L54.3 103c9.4-9.4 24.6-9.4 33.9 0l136 136c9.5 9.4 9.5 24.6.1 34z\"><\/path><\/svg><\/span>\n\t\t\t\t\t\t\t\t\t\t<span class=\"uael-accordion-icon-opened\"><svg class=\"e-font-icon-svg e-fas-angle-up\" viewbox=\"0 0 320 512\" xmlns=\"http:\/\/www.w3.org\/2000\/svg\"><path d=\"M177 159.7l136 136c9.4 9.4 9.4 24.6 0 33.9l-22.6 22.6c-9.4 9.4-24.6 9.4-33.9 0L160 255.9l-96.4 96.4c-9.4 9.4-24.6 9.4-33.9 0L7 329.7c-9.4-9.4-9.4-24.6 0-33.9l136-136c9.4-9.5 24.6-9.5 34-.1z\"><\/path><\/svg><\/span>\n\t\t\t\t\t\t\t\t\t<\/span>\n\t\t\t\t\t\t\t\t\t<span class=\"uael-question-447ac6f uael-question-span\" tabindex=\"0\" id=\"uael-faq-11-6a9cb5aa637bd\">Qual \u00e9 a pol\u00edtica de garantia da FEREI para os projectores? Oferecem servi\u00e7os de manuten\u00e7\u00e3o p\u00f3s-venda?<\/span>\n\t\t\t\t\t\t\t\t<\/div>\n\t\t\t\t\t\t\t\t<div class=\"uael-accordion-content\" role=\"tabpanel\">\n\t\t\t\t\t\t\t\t\t<span>\n\t\t\t\t\t\t\t\t\t<span><p>A FEREI sempre deu prioridade \u00e0 experi\u00eancia de todos os entusiastas de motociclos. Aproveitando os nossos sistemas abrangentes de produ\u00e7\u00e3o e de assist\u00eancia, estabelecemos uma pol\u00edtica de garantia e um sistema de assist\u00eancia de manuten\u00e7\u00e3o centrados no cliente, tal como detalhado abaixo: Durante o per\u00edodo de garantia de 2 anos, se um holofote FEREI desenvolver um problema de qualidade n\u00e3o causado por factores humanos (como falha da fonte de luz, falha de veda\u00e7\u00e3o, falha de dissipa\u00e7\u00e3o de calor, falha de cablagem ou mau funcionamento do controlo de temperatura inteligente), forneceremos servi\u00e7os de repara\u00e7\u00e3o gratuitos; Se os danos forem causados por factores humanos (como impacto, instala\u00e7\u00e3o incorrecta, modifica\u00e7\u00f5es n\u00e3o autorizadas, entrada de \u00e1gua, etc.), forneceremos servi\u00e7os de manuten\u00e7\u00e3o pagos e cobraremos taxas razo\u00e1veis por pe\u00e7as e m\u00e3o de obra. Para al\u00e9m disso, a FEREI oferece servi\u00e7os de manuten\u00e7\u00e3o vital\u00edcios pagos. Independentemente de o per\u00edodo de garantia ter expirado, se o seu farol estiver danificado, pode contactar os nossos canais de servi\u00e7o oficiais, e providenciaremos t\u00e9cnicos profissionais para fornecer apoio de manuten\u00e7\u00e3o, assegurando que o seu farol FEREI continua a funcionar corretamente. A FEREI est\u00e1 empenhada em fornecer um servi\u00e7o atencioso para aliviar as preocupa\u00e7\u00f5es dos motociclistas, garantindo que cada motociclista que escolhe a FEREI possa andar com tranquilidade, incorporando nossa filosofia de servi\u00e7o de \u2019Qualidade em primeiro lugar, servi\u00e7o para sempre\u201c.\u201d<\/p><\/span>\t\t\t\t\t\t\t\t\t<\/span>\n\t\t\t\t\t\t\t\t<\/div>\n\t\t\t\t\t\t\t<\/div>\n\t\t\t\t\t\t\t\t\t\t\t<\/div>\n\t\t\t<\/div>\n\t\t\t\t\t\t\t<\/div>\n\t\t\t\t<\/div>\n\t\t\t\t\t<\/div>\n\t\t\t\t<\/div>\n\t\t\t\t<\/div>","protected":false},"excerpt":{"rendered":"<p>Home Cycling Do you manufacture and sell bicycles? FEREI: More than just manufacturing\u2014we truly understand outdoor exploration. With 20 years [&hellip;]<\/p>\n","protected":false},"author":1,"featured_media":0,"parent":0,"menu_order":0,"comment_status":"closed","ping_status":"closed","template":"","meta":{"site-sidebar-layout":"no-sidebar","site-content-layout":"","ast-site-content-layout":"full-width-container","site-content-style":"default","site-sidebar-style":"default","ast-global-header-display":"","ast-banner-title-visibility":"","ast-main-header-display":"","ast-hfb-above-header-display":"","ast-hfb-below-header-display":"","ast-hfb-mobile-header-display":"","site-post-title":"disabled","ast-breadcrumbs-content":"","ast-featured-img":"disabled","footer-sml-layout":"","ast-disable-related-posts":"","theme-transparent-header-meta":"","adv-header-id-meta":"","stick-header-meta":"","header-above-stick-meta":"","header-main-stick-meta":"","header-below-stick-meta":"","astra-migrate-meta-layouts":"default","ast-page-background-enabled":"default","ast-page-background-meta":{"desktop":{"background-color":"var(--ast-global-color-5)","background-image":"","background-repeat":"repeat","background-position":"center center","background-size":"auto","background-attachment":"scroll","background-type":"","background-media":"","overlay-type":"","overlay-color":"","overlay-opacity":"","overlay-gradient":""},"tablet":{"background-color":"","background-image":"","background-repeat":"repeat","background-position":"center center","background-size":"auto","background-attachment":"scroll","background-type":"","background-media":"","overlay-type":"","overlay-color":"","overlay-opacity":"","overlay-gradient":""},"mobile":{"background-color":"","background-image":"","background-repeat":"repeat","background-position":"center center","background-size":"auto","background-attachment":"scroll","background-type":"","background-media":"","overlay-type":"","overlay-color":"","overlay-opacity":"","overlay-gradient":""}},"ast-content-background-meta":{"desktop":{"background-color":"var(--ast-global-color-4)","background-image":"","background-repeat":"repeat","background-position":"center center","background-size":"auto","background-attachment":"scroll","background-type":"","background-media":"","overlay-type":"","overlay-color":"","overlay-opacity":"","overlay-gradient":""},"tablet":{"background-color":"var(--ast-global-color-4)","background-image":"","background-repeat":"repeat","background-position":"center center","background-size":"auto","background-attachment":"scroll","background-type":"","background-media":"","overlay-type":"","overlay-color":"","overlay-opacity":"","overlay-gradient":""},"mobile":{"background-color":"var(--ast-global-color-4)","background-image":"","background-repeat":"repeat","background-position":"center center","background-size":"auto","background-attachment":"scroll","background-type":"","background-media":"","overlay-type":"","overlay-color":"","overlay-opacity":"","overlay-gradient":""}},"footnotes":""},"class_list":["post-1701","page","type-page","status-publish","hentry"],"_links":{"self":[{"href":"https:\/\/www.ferei.com\/pt\/wp-json\/wp\/v2\/pages\/1701","targetHints":{"allow":["GET"]}}],"collection":[{"href":"https:\/\/www.ferei.com\/pt\/wp-json\/wp\/v2\/pages"}],"about":[{"href":"https:\/\/www.ferei.com\/pt\/wp-json\/wp\/v2\/types\/page"}],"author":[{"embeddable":true,"href":"https:\/\/www.ferei.com\/pt\/wp-json\/wp\/v2\/users\/1"}],"replies":[{"embeddable":true,"href":"https:\/\/www.ferei.com\/pt\/wp-json\/wp\/v2\/comments?post=1701"}],"version-history":[{"count":13,"href":"https:\/\/www.ferei.com\/pt\/wp-json\/wp\/v2\/pages\/1701\/revisions"}],"predecessor-version":[{"id":1719,"href":"https:\/\/www.ferei.com\/pt\/wp-json\/wp\/v2\/pages\/1701\/revisions\/1719"}],"wp:attachment":[{"href":"https:\/\/www.ferei.com\/pt\/wp-json\/wp\/v2\/media?parent=1701"}],"curies":[{"name":"wp","href":"https:\/\/api.w.org\/{rel}","templated":true}]}}